{"id":34,"date":"2021-03-29T11:09:19","date_gmt":"2021-03-29T11:09:19","guid":{"rendered":"https:\/\/www.quiropracticalivingroom.com\/?page_id=34"},"modified":"2024-10-21T11:41:00","modified_gmt":"2024-10-21T09:41:00","slug":"contacte","status":"publish","type":"page","link":"https:\/\/www.quiropracticalivingroom.com\/esp\/contacte\/","title":{"rendered":"Contacto"},"content":{"rendered":"<div data-elementor-type=\"wp-page\" data-elementor-id=\"34\" class=\"elementor elementor-34\" data-elementor-post-type=\"page\">\n\t\t\t\t\t\t<section class=\"elementor-section elementor-top-section elementor-element elementor-element-707abc4 elementor-section-full_width elementor-section-height-default elementor-section-height-default\" data-id=\"707abc4\" data-element_type=\"section\">\n\t\t\t\t\t\t<div class=\"elementor-container elementor-column-gap-default\">\n\t\t\t\t\t<div class=\"elementor-column elementor-col-100 elementor-top-column elementor-element elementor-element-b7975ad\" data-id=\"b7975ad\" data-element_type=\"column\">\n\t\t\t<div class=\"elementor-widget-wrap\">\n\t\t\t\t\t\t\t<\/div>\n\t\t<\/div>\n\t\t\t\t\t<\/div>\n\t\t<\/section>\n\t\t\t\t<section class=\"elementor-section elementor-top-section elementor-element elementor-element-303714d elementor-section-full_width elementor-section-height-default elementor-section-height-default\" data-id=\"303714d\" data-element_type=\"section\" data-settings=\"{&quot;background_background&quot;:&quot;classic&quot;}\">\n\t\t\t\t\t\t<div class=\"elementor-container elementor-column-gap-default\">\n\t\t\t\t\t<div class=\"elementor-column elementor-col-50 elementor-top-column elementor-element elementor-element-041a054\" data-id=\"041a054\" data-element_type=\"column\">\n\t\t\t<div class=\"elementor-widget-wrap elementor-element-populated\">\n\t\t\t\t\t\t<div class=\"elementor-element elementor-element-d181d1c elementor-widget elementor-widget-heading\" data-id=\"d181d1c\" data-element_type=\"widget\" data-widget_type=\"heading.default\">\n\t\t\t\t<div class=\"elementor-widget-container\">\n\t\t\t<h1 class=\"elementor-heading-title elementor-size-default\"><b>Centro Quiropr\u00e1ctica Living Room - Quiropr\u00e1ctico Sabadell<\/b><\/h1>\t\t<\/div>\n\t\t\t\t<\/div>\n\t\t\t\t<div class=\"elementor-element elementor-element-0179ada elementor-widget-divider--view-line elementor-widget elementor-widget-divider\" data-id=\"0179ada\" data-element_type=\"widget\" data-widget_type=\"divider.default\">\n\t\t\t\t<div class=\"elementor-widget-container\">\n\t\t\t\t\t<div class=\"elementor-divider\">\n\t\t\t<span class=\"elementor-divider-separator\">\n\t\t\t\t\t\t<\/span>\n\t\t<\/div>\n\t\t\t\t<\/div>\n\t\t\t\t<\/div>\n\t\t\t\t<div class=\"elementor-element elementor-element-15c06f8 elementor-align-left elementor-icon-list--layout-traditional elementor-list-item-link-full_width elementor-widget elementor-widget-icon-list\" data-id=\"15c06f8\" data-element_type=\"widget\" data-widget_type=\"icon-list.default\">\n\t\t\t\t<div class=\"elementor-widget-container\">\n\t\t\t\t\t<ul class=\"elementor-icon-list-items\">\n\t\t\t\t\t\t\t<li class=\"elementor-icon-list-item\">\n\t\t\t\t\t\t\t\t\t\t\t<a href=\"https:\/\/wa.me\/34635101625?text=Hola,\u00a0me\u00a0gustar\u00eda\u00a0saber\u00a0m\u00e1s\u00a0sobre\u00a0vuestros\u00a0servicios\u00a0\" target=\"_blank\" rel=\"nofollow\">\n\n\t\t\t\t\t\t\t\t\t\t\t\t<span class=\"elementor-icon-list-icon\">\n\t\t\t\t\t\t\t<i aria-hidden=\"true\" class=\"fab fa-whatsapp\"><\/i>\t\t\t\t\t\t<\/span>\n\t\t\t\t\t\t\t\t\t\t<span class=\"elementor-icon-list-text\">Env\u00edanos un WhatsApp<\/span>\n\t\t\t\t\t\t\t\t\t\t\t<\/a>\n\t\t\t\t\t\t\t\t\t<\/li>\n\t\t\t\t\t\t<\/ul>\n\t\t\t\t<\/div>\n\t\t\t\t<\/div>\n\t\t\t\t<div class=\"elementor-element elementor-element-ed74ac9 elementor-widget elementor-widget-button\" data-id=\"ed74ac9\" data-element_type=\"widget\" data-widget_type=\"button.default\">\n\t\t\t\t<div class=\"elementor-widget-container\">\n\t\t\t\t\t<div class=\"elementor-button-wrapper\">\n\t\t\t<a class=\"elementor-button elementor-button-link elementor-size-md\" href=\"https:\/\/www.quiropracticalivingroom.com\/esp\/reserva\/\">\n\t\t\t\t\t\t<span class=\"elementor-button-content-wrapper\">\n\t\t\t\t\t\t\t\t\t<span class=\"elementor-button-text\">Reserva tu cita<\/span>\n\t\t\t\t\t<\/span>\n\t\t\t\t\t<\/a>\n\t\t<\/div>\n\t\t\t\t<\/div>\n\t\t\t\t<\/div>\n\t\t\t\t\t<\/div>\n\t\t<\/div>\n\t\t\t\t<div class=\"make-column-clickable-elementor elementor-column elementor-col-50 elementor-top-column elementor-element elementor-element-0d9dcca\" style=\"cursor: pointer;\" data-column-clickable=\"https:\/\/g.page\/quiropracticalivingroom?share\" data-column-clickable-blank=\"_blank\" data-id=\"0d9dcca\" data-element_type=\"column\" id=\"zoomable-column\" data-settings=\"{&quot;background_background&quot;:&quot;classic&quot;,&quot;animation&quot;:&quot;none&quot;}\">\n\t\t\t<div class=\"elementor-widget-wrap elementor-element-populated\">\n\t\t\t\t\t<div class=\"elementor-background-overlay\"><\/div>\n\t\t\t\t\t\t<div class=\"elementor-element elementor-element-51afe76 zoom-image elementor-widget elementor-widget-spacer\" data-id=\"51afe76\" data-element_type=\"widget\" data-widget_type=\"spacer.default\">\n\t\t\t\t<div class=\"elementor-widget-container\">\n\t\t\t\t\t<div class=\"elementor-spacer\">\n\t\t\t<div class=\"elementor-spacer-inner\"><\/div>\n\t\t<\/div>\n\t\t\t\t<\/div>\n\t\t\t\t<\/div>\n\t\t\t\t\t<\/div>\n\t\t<\/div>\n\t\t\t\t\t<\/div>\n\t\t<\/section>\n\t\t\t\t<section class=\"elementor-section elementor-top-section elementor-element elementor-element-f0065fa elementor-section-boxed elementor-section-height-default elementor-section-height-default\" data-id=\"f0065fa\" data-element_type=\"section\" id=\"faqs\">\n\t\t\t\t\t\t<div class=\"elementor-container elementor-column-gap-default\">\n\t\t\t\t\t<div class=\"elementor-column elementor-col-100 elementor-top-column elementor-element elementor-element-1500820\" data-id=\"1500820\" data-element_type=\"column\">\n\t\t\t<div class=\"elementor-widget-wrap elementor-element-populated\">\n\t\t\t\t\t\t<div class=\"elementor-element elementor-element-c913aa5 elementor-widget elementor-widget-heading\" data-id=\"c913aa5\" data-element_type=\"widget\" data-widget_type=\"heading.default\">\n\t\t\t\t<div class=\"elementor-widget-container\">\n\t\t\t<h2 class=\"elementor-heading-title elementor-size-default\">Preguntas frecuentes<\/h2>\t\t<\/div>\n\t\t\t\t<\/div>\n\t\t\t\t<div class=\"elementor-element elementor-element-9bcc868 elementor-widget-divider--view-line elementor-widget elementor-widget-divider\" data-id=\"9bcc868\" data-element_type=\"widget\" data-widget_type=\"divider.default\">\n\t\t\t\t<div class=\"elementor-widget-container\">\n\t\t\t\t\t<div class=\"elementor-divider\">\n\t\t\t<span class=\"elementor-divider-separator\">\n\t\t\t\t\t\t<\/span>\n\t\t<\/div>\n\t\t\t\t<\/div>\n\t\t\t\t<\/div>\n\t\t\t\t<div class=\"elementor-element elementor-element-3bf8814 elementor-tabs-view-horizontal elementor-widget elementor-widget-tabs\" data-id=\"3bf8814\" data-element_type=\"widget\" data-widget_type=\"tabs.default\">\n\t\t\t\t<div class=\"elementor-widget-container\">\n\t\t\t\t\t<div class=\"elementor-tabs\">\n\t\t\t<div class=\"elementor-tabs-wrapper\" role=\"tablist\" >\n\t\t\t\t\t\t\t\t\t<div id=\"elementor-tab-title-6281\" class=\"elementor-tab-title elementor-tab-desktop-title\" aria-selected=\"true\" data-tab=\"1\" role=\"tab\" tabindex=\"0\" aria-controls=\"elementor-tab-content-6281\" aria-expanded=\"false\">La Quiropr\u00e1ctica<\/div>\n\t\t\t\t\t\t\t\t\t<div id=\"elementor-tab-title-6282\" class=\"elementor-tab-title elementor-tab-desktop-title\" aria-selected=\"false\" data-tab=\"2\" role=\"tab\" tabindex=\"-1\" aria-controls=\"elementor-tab-content-6282\" aria-expanded=\"false\">Los Ajustes<\/div>\n\t\t\t\t\t\t\t\t\t<div id=\"elementor-tab-title-6283\" class=\"elementor-tab-title elementor-tab-desktop-title\" aria-selected=\"false\" data-tab=\"3\" role=\"tab\" tabindex=\"-1\" aria-controls=\"elementor-tab-content-6283\" aria-expanded=\"false\">Los Casos<\/div>\n\t\t\t\t\t\t\t\t\t<div id=\"elementor-tab-title-6284\" class=\"elementor-tab-title elementor-tab-desktop-title\" aria-selected=\"false\" data-tab=\"4\" role=\"tab\" tabindex=\"-1\" aria-controls=\"elementor-tab-content-6284\" aria-expanded=\"false\">Los Beneficios<\/div>\n\t\t\t\t\t\t\t<\/div>\n\t\t\t<div class=\"elementor-tabs-content-wrapper\" role=\"tablist\" aria-orientation=\"vertical\">\n\t\t\t\t\t\t\t\t\t<div class=\"elementor-tab-title elementor-tab-mobile-title\" aria-selected=\"true\" data-tab=\"1\" role=\"tab\" tabindex=\"0\" aria-controls=\"elementor-tab-content-6281\" aria-expanded=\"false\">La Quiropr\u00e1ctica<\/div>\n\t\t\t\t\t<div id=\"elementor-tab-content-6281\" class=\"elementor-tab-content elementor-clearfix\" data-tab=\"1\" role=\"tabpanel\" aria-labelledby=\"elementor-tab-title-6281\" tabindex=\"0\" hidden=\"false\"><p>\t\t<div data-elementor-type=\"section\" data-elementor-id=\"809\" class=\"elementor elementor-809\" data-elementor-post-type=\"elementor_library\">\n\t\t\t\t\t<section class=\"elementor-section elementor-top-section elementor-element elementor-element-dc3aa66 elementor-section-boxed elementor-section-height-default elementor-section-height-default\" data-id=\"dc3aa66\" data-element_type=\"section\">\n\t\t\t\t\t\t<div class=\"elementor-container elementor-column-gap-default\">\n\t\t\t\t\t<div class=\"elementor-column elementor-col-100 elementor-top-column elementor-element elementor-element-9bc6a90\" data-id=\"9bc6a90\" data-element_type=\"column\">\n\t\t\t<div class=\"elementor-widget-wrap elementor-element-populated\">\n\t\t\t\t\t\t<div class=\"elementor-element elementor-element-c6e2f3d elementor-widget elementor-widget-accordion\" data-id=\"c6e2f3d\" data-element_type=\"widget\" data-widget_type=\"accordion.default\">\n\t\t\t\t<div class=\"elementor-widget-container\">\n\t\t\t\t\t<div class=\"elementor-accordion\">\n\t\t\t\t\t\t\t<div class=\"elementor-accordion-item\">\n\t\t\t\t\t<div id=\"elementor-tab-title-2081\" class=\"elementor-tab-title\" data-tab=\"1\" role=\"button\" aria-controls=\"elementor-tab-content-2081\" aria-expanded=\"false\">\n\t\t\t\t\t\t\t\t\t\t\t\t\t<span class=\"elementor-accordion-icon elementor-accordion-icon-right\" aria-hidden=\"true\">\n\t\t\t\t\t\t\t\t\t\t\t\t\t\t\t<span class=\"elementor-accordion-icon-closed\"><i class=\"fas fa-chevron-down\"><\/i><\/span>\n\t\t\t\t\t\t\t\t<span class=\"elementor-accordion-icon-opened\"><i class=\"fas fa-chevron-up\"><\/i><\/span>\n\t\t\t\t\t\t\t\t\t\t\t\t\t\t<\/span>\n\t\t\t\t\t\t\t\t\t\t\t\t<a class=\"elementor-accordion-title\" tabindex=\"0\">\u00bfLa Quiropr\u00e1ctica es segura?<\/a>\n\t\t\t\t\t<\/div>\n\t\t\t\t\t<div id=\"elementor-tab-content-2081\" class=\"elementor-tab-content elementor-clearfix\" data-tab=\"1\" role=\"region\" aria-labelledby=\"elementor-tab-title-2081\"><ul>\n<li style=\"font-weight: 400;\" aria-level=\"2\"><span style=\"font-weight: 400;\">S\u00ed. Los servicios proporcionados por Quiropr\u00e1cticos son efectivos, con alt\u00edsimos niveles de satisfacci\u00f3n en los pacientes. Y la Salud de la Columna Vertebral es clave para el bienestar y la calidad de vida de las personas.<\/span><\/li>\n<li style=\"font-weight: 400;\" aria-level=\"2\"><span style=\"font-weight: 400;\">Puedes descargarte el <span style=\"text-decoration: underline;\"><a href=\"https:\/\/www.quiropracticalivingroom.com\/wp-content\/uploads\/dossier-noviembre-2019.pdf\" target=\"_blank\" rel=\"noopener\">dosier cient\u00edfico<\/a><\/span> La AEQ ha elaborado un dossier cient\u00edfico que recoge las publicaciones del m\u00e1s alto nivel de calidad de evidencia cient\u00edfica publicadas en revistas de alto impacto donde se demuestra la eficacia de la Quiropr\u00e1ctica en los trastornos de Columna Vertebral y su relaci\u00f3n con el Sistema Nervioso. Los servicios proporcionados por Quiropr\u00e1cticos son efectivos, con alt\u00edsimos niveles de satisfacci\u00f3n en los pacientes. Y la Salud de la Columna Vertebral es clave para el bienestar y la calidad de vida de las personas.<\/span><\/li>\n<\/ul><\/div>\n\t\t\t\t<\/div>\n\t\t\t\t\t\t\t<div class=\"elementor-accordion-item\">\n\t\t\t\t\t<div id=\"elementor-tab-title-2082\" class=\"elementor-tab-title\" data-tab=\"2\" role=\"button\" aria-controls=\"elementor-tab-content-2082\" aria-expanded=\"false\">\n\t\t\t\t\t\t\t\t\t\t\t\t\t<span class=\"elementor-accordion-icon elementor-accordion-icon-right\" aria-hidden=\"true\">\n\t\t\t\t\t\t\t\t\t\t\t\t\t\t\t<span class=\"elementor-accordion-icon-closed\"><i class=\"fas fa-chevron-down\"><\/i><\/span>\n\t\t\t\t\t\t\t\t<span class=\"elementor-accordion-icon-opened\"><i class=\"fas fa-chevron-up\"><\/i><\/span>\n\t\t\t\t\t\t\t\t\t\t\t\t\t\t<\/span>\n\t\t\t\t\t\t\t\t\t\t\t\t<a class=\"elementor-accordion-title\" tabindex=\"0\">\u00bfPor qu\u00e9 se bloquean las v\u00e9rtebras?<\/a>\n\t\t\t\t\t<\/div>\n\t\t\t\t\t<div id=\"elementor-tab-content-2082\" class=\"elementor-tab-content elementor-clearfix\" data-tab=\"2\" role=\"region\" aria-labelledby=\"elementor-tab-title-2082\"><ul><li style=\"font-weight: 400;\" aria-level=\"2\"><span style=\"font-weight: 400;\">Hay situaciones y procesos que generan estr\u00e9s en nuestro Sistema Nervioso y causan las Subluxaciones Vertebrales, es decir que no le permiten funcionar al 100%. Los englobamos en tres grupos:\u00a0<\/span><ul><li style=\"font-weight: 400;\" aria-level=\"3\"><span style=\"font-weight: 400;\">Estr\u00e9s f\u00edsico (ca\u00eddas, lesiones, parte complicado ...)<\/span><\/li><li style=\"font-weight: 400;\" aria-level=\"3\"><span style=\"font-weight: 400;\">Estr\u00e9s qu\u00edmico (estimulantes, falta de hidrataci\u00f3n, aditivos ...)\u00a0<\/span><\/li><li style=\"font-weight: 400;\" aria-level=\"3\"><span style=\"font-weight: 400;\">Estr\u00e9s emocional (preocupaciones familiares, objetivos en el trabajo, estudios exigentes ...)<\/span><\/li><\/ul><\/li><\/ul><p>\u00a0<\/p><ul><li class=\" translation-block\">Si entendemos por qu\u00e9 se bloquean podremos prevenirlo y anticiparnos. \u00a1Es por este motivo que trabajamos para identificar los estreses particulares de cada paciente y as\u00ed poder devolveros lo antes posible a su estado \u00f3ptimo de Salud!<\/li><\/ul><\/div>\n\t\t\t\t<\/div>\n\t\t\t\t\t\t\t<div class=\"elementor-accordion-item\">\n\t\t\t\t\t<div id=\"elementor-tab-title-2083\" class=\"elementor-tab-title\" data-tab=\"3\" role=\"button\" aria-controls=\"elementor-tab-content-2083\" aria-expanded=\"false\">\n\t\t\t\t\t\t\t\t\t\t\t\t\t<span class=\"elementor-accordion-icon elementor-accordion-icon-right\" aria-hidden=\"true\">\n\t\t\t\t\t\t\t\t\t\t\t\t\t\t\t<span class=\"elementor-accordion-icon-closed\"><i class=\"fas fa-chevron-down\"><\/i><\/span>\n\t\t\t\t\t\t\t\t<span class=\"elementor-accordion-icon-opened\"><i class=\"fas fa-chevron-up\"><\/i><\/span>\n\t\t\t\t\t\t\t\t\t\t\t\t\t\t<\/span>\n\t\t\t\t\t\t\t\t\t\t\t\t<a class=\"elementor-accordion-title\" tabindex=\"0\">\u00bfPor qu\u00e9 no he o\u00eddo hablar de la Quiropr\u00e1ctica antes?<\/a>\n\t\t\t\t\t<\/div>\n\t\t\t\t\t<div id=\"elementor-tab-content-2083\" class=\"elementor-tab-content elementor-clearfix\" data-tab=\"3\" role=\"region\" aria-labelledby=\"elementor-tab-title-2083\"><ul><li style=\"font-weight: 400;\" aria-level=\"2\"><span style=\"font-weight: 400;\">Si nunca antes has o\u00eddo hablar de la Quiropr\u00e1ctica es porque la proporci\u00f3n de Quiropr\u00e1cticos en Espa\u00f1a por habitante es muy baja en comparaci\u00f3n con otros pa\u00edses.\u00a0<\/span><\/li><li style=\"font-weight: 400;\" aria-level=\"2\"><span style=\"font-weight: 400;\">Pero en los \u00faltimos a\u00f1os esta proporci\u00f3n est\u00e1 creciendo exponencialmente dada la necesidad de la poblaci\u00f3n de vivir la Salud al m\u00e1ximo potencial en una vida de cambios constantes y las dos universidades espa\u00f1olas de Quiropr\u00e1ctica.<\/span><\/li><\/ul><\/div>\n\t\t\t\t<\/div>\n\t\t\t\t\t\t\t<div class=\"elementor-accordion-item\">\n\t\t\t\t\t<div id=\"elementor-tab-title-2084\" class=\"elementor-tab-title\" data-tab=\"4\" role=\"button\" aria-controls=\"elementor-tab-content-2084\" aria-expanded=\"false\">\n\t\t\t\t\t\t\t\t\t\t\t\t\t<span class=\"elementor-accordion-icon elementor-accordion-icon-right\" aria-hidden=\"true\">\n\t\t\t\t\t\t\t\t\t\t\t\t\t\t\t<span class=\"elementor-accordion-icon-closed\"><i class=\"fas fa-chevron-down\"><\/i><\/span>\n\t\t\t\t\t\t\t\t<span class=\"elementor-accordion-icon-opened\"><i class=\"fas fa-chevron-up\"><\/i><\/span>\n\t\t\t\t\t\t\t\t\t\t\t\t\t\t<\/span>\n\t\t\t\t\t\t\t\t\t\t\t\t<a class=\"elementor-accordion-title\" tabindex=\"0\">\u00bfCu\u00e1l es la diferencia entre Quiropr\u00e1ctica y quiromasaje?<\/a>\n\t\t\t\t\t<\/div>\n\t\t\t\t\t<div id=\"elementor-tab-content-2084\" class=\"elementor-tab-content elementor-clearfix\" data-tab=\"4\" role=\"region\" aria-labelledby=\"elementor-tab-title-2084\"><p><span style=\"font-weight: 400;\">\u00a1Esta es una buena pregunta! Es f\u00e1cil confundirse entre dos palabras que empiezan igual, pero la realidad es que no tienen nada que ver. Como Quiropr\u00e1cticos hemos estudiado una carrera de cinco a\u00f1os a tiempo completo, adem\u00e1s de los estudios posteriores, y es una profesi\u00f3n totalmente diferenciada. Realizamos Ajustes Quiropr\u00e1cticos espec\u00edficos a las V\u00e9rtebras bloqueadas de la Columna Vertebral y no realizamos masajes.<\/span><\/p><\/div>\n\t\t\t\t<\/div>\n\t\t\t\t\t\t\t<div class=\"elementor-accordion-item\">\n\t\t\t\t\t<div id=\"elementor-tab-title-2085\" class=\"elementor-tab-title\" data-tab=\"5\" role=\"button\" aria-controls=\"elementor-tab-content-2085\" aria-expanded=\"false\">\n\t\t\t\t\t\t\t\t\t\t\t\t\t<span class=\"elementor-accordion-icon elementor-accordion-icon-right\" aria-hidden=\"true\">\n\t\t\t\t\t\t\t\t\t\t\t\t\t\t\t<span class=\"elementor-accordion-icon-closed\"><i class=\"fas fa-chevron-down\"><\/i><\/span>\n\t\t\t\t\t\t\t\t<span class=\"elementor-accordion-icon-opened\"><i class=\"fas fa-chevron-up\"><\/i><\/span>\n\t\t\t\t\t\t\t\t\t\t\t\t\t\t<\/span>\n\t\t\t\t\t\t\t\t\t\t\t\t<a class=\"elementor-accordion-title\" tabindex=\"0\">\u00bfCuando comience con la Quiropr\u00e1ctica debo dejar la fisioterapia \/ osteopat\u00eda?<\/a>\n\t\t\t\t\t<\/div>\n\t\t\t\t\t<div id=\"elementor-tab-content-2085\" class=\"elementor-tab-content elementor-clearfix\" data-tab=\"5\" role=\"region\" aria-labelledby=\"elementor-tab-title-2085\"><ul><li style=\"font-weight: 400;\" aria-level=\"2\"><span style=\"font-weight: 400;\">En absoluto. Son profesiones complementarias y cada uno de nosotros veremos otra versi\u00f3n de ti.\u00a0<\/span><\/li><li style=\"font-weight: 400;\" aria-level=\"2\"><span style=\"font-weight: 400;\">Por nuestra parte como Quiropr\u00e1cticos trabajamos con el Sistema Nervioso, y por tanto con la Columna Vertebral, la pelvis y el cr\u00e1neo, que son los huesos que lo protegen.\u00a0<\/span><\/li><li style=\"font-weight: 400;\" aria-level=\"2\"><span style=\"font-weight: 400;\">El Sistema Nervioso es el Sistema encargado de controlar y coordinar todo el cuerpo, y los Quiropr\u00e1cticos somos los profesionales que comprobamos que tanto la Columna Vertebral como el Sistema Nervioso funcionen al 100%, sin interferencias, realizando los Ajustes Quiropr\u00e1cticos necesarios. <\/span><\/li><\/ul><\/div>\n\t\t\t\t<\/div>\n\t\t\t\t\t\t\t\t\t\t<script type=\"application\/ld+json\">{\"@context\":\"https:\\\/\\\/schema.org\",\"@type\":\"FAQPage\",\"mainEntity\":[{\"@type\":\"Question\",\"name\":\"La Quiropr\\u00e0ctica \\u00e9s segura?\",\"acceptedAnswer\":{\"@type\":\"Answer\",\"text\":\"<ul>\\n<li style=\\\"font-weight: 400;\\\" aria-level=\\\"2\\\"><span style=\\\"font-weight: 400;\\\">S\\u00ed. Els serveis proporcionats per Quiropr\\u00e0ctics s\\u00f3n efectius, amb alt\\u00edssims nivells de satisfacci\\u00f3 en els pacients. I la Salut de la Columna Vertebral \\u00e9s clau pel benestar i la qualitat de vida de les persones.<\\\/span><\\\/li>\\n<li style=\\\"font-weight: 400;\\\" aria-level=\\\"2\\\"><span style=\\\"font-weight: 400;\\\">Pots descarregar-te el <span style=\\\"text-decoration: underline;\\\"><a href=\\\"https:\\\/\\\/www.quiropracticalivingroom.com\\\/wp-content\\\/uploads\\\/dossier-noviembre-2019.pdf\\\" target=\\\"_blank\\\" rel=\\\"noopener\\\">dossier cient\\u00edfic<\\\/a><\\\/span> de l\\u2019Associaci\\u00f3 Espanyola de Quiropr\\u00e0ctica que recull les publicacions del m\\u00e9s alt nivell de qualitat d&#8217;evid\\u00e8ncia cient\\u00edfica publicades en revistes d&#8217;alt impacte, on es demostra l\\u2019efic\\u00e0cia de la Quiropr\\u00e0ctica en els trastorns de Columna Vertebral i la seva relaci\\u00f3 amb el Sistema Nervi\\u00f3s.<\\\/span><\\\/li>\\n<\\\/ul>\"}},{\"@type\":\"Question\",\"name\":\"Per qu\\u00e8 es bloquegen les V\\u00e8rtebres?\",\"acceptedAnswer\":{\"@type\":\"Answer\",\"text\":\"<ul><li style=\\\"font-weight: 400;\\\" aria-level=\\\"2\\\"><span style=\\\"font-weight: 400;\\\">Hi ha situacions i processos que generen estr\\u00e8s al nostre Sistema Nervi\\u00f3s i causen les Subluxacions Vertebrals, \\u00e9s a dir que no li permeten funcionar al 100%. Els englobem en tres grups:\\u00a0<\\\/span><ul><li style=\\\"font-weight: 400;\\\" aria-level=\\\"3\\\"><span style=\\\"font-weight: 400;\\\">Estr\\u00e8s f\\u00edsic (caigudes, lesions, part complicat\\u2026)<\\\/span><\\\/li><li style=\\\"font-weight: 400;\\\" aria-level=\\\"3\\\"><span style=\\\"font-weight: 400;\\\">Estr\\u00e8s qu\\u00edmic (estimulants, falta d\\u2019hidrataci\\u00f3, additius&#8230;)\\u00a0<\\\/span><\\\/li><li style=\\\"font-weight: 400;\\\" aria-level=\\\"3\\\"><span style=\\\"font-weight: 400;\\\">Estr\\u00e8s emocional (preocupacions familiars, objectius a la feina, estudis exigents\\u2026)<\\\/span><\\\/li><\\\/ul><\\\/li><\\\/ul><p>\\u00a0<\\\/p><ul><li><span style=\\\"font-weight: 400;\\\">Si entenem per qu\\u00e8 es bloquegen podrem prevenir-ho i anticipar-nos. \\u00c9s per aquest motiu que <\\\/span><span style=\\\"font-weight: 400;\\\">treballem per identificar els estressos particulars de cada pacient i aix\\u00ed poder tornar-vos el m\\u00e9s aviat possible al vostre estat \\u00f2ptim de salut!<\\\/span><\\\/li><\\\/ul>\"}},{\"@type\":\"Question\",\"name\":\"Per qu\\u00e8 no he sentit parlar de la Quiropr\\u00e0ctica abans?\",\"acceptedAnswer\":{\"@type\":\"Answer\",\"text\":\"<ul><li style=\\\"font-weight: 400;\\\" aria-level=\\\"2\\\"><span style=\\\"font-weight: 400;\\\">Si mai abans has sentit parlar de la Quiropr\\u00e0ctica \\u00e9s perqu\\u00e8 la proporci\\u00f3 de Quiropr\\u00e0ctics a Espanya per habitant \\u00e9s molt baixa en comparaci\\u00f3 amb altres pa\\u00efsos.\\u00a0<\\\/span><\\\/li><li style=\\\"font-weight: 400;\\\" aria-level=\\\"2\\\"><span style=\\\"font-weight: 400;\\\">Per\\u00f2 en els \\u00faltims anys aquesta proporci\\u00f3 est\\u00e0 creixent exponencialment donada la necessitat de la poblaci\\u00f3 de viure la Salut al m\\u00e0xim potencial en una vida de canvis constants i les dues universitats espanyoles de Quiropr\\u00e0ctica.<\\\/span><\\\/li><\\\/ul>\"}},{\"@type\":\"Question\",\"name\":\"Quina \\u00e9s la difer\\u00e8ncia entre Quiropr\\u00e0ctica i quiromassatge?\",\"acceptedAnswer\":{\"@type\":\"Answer\",\"text\":\"<p><span style=\\\"font-weight: 400;\\\">Aquesta \\u00e9s una bona pregunta! \\u00c9s f\\u00e0cil confondre\\u2019s entre dues paraules que comencen igual, per\\u00f2 la realitat \\u00e9s que no tenen res a veure. Com a Quiropr\\u00e0ctics hem estudiat una carrera de cinc anys a temps complet, a m\\u00e9s dels estudis posteriors, i \\u00e9s una professi\\u00f3 totalment diferenciada. Realitzem Ajustos Quiropr\\u00e0ctics espec\\u00edfics a les V\\u00e8rtebres bloquejades de la Columna Vertebral i no realitzem massatges.<\\\/span><\\\/p>\"}},{\"@type\":\"Question\",\"name\":\"Quan comenci amb la Quiropr\\u00e0ctica he de deixar la fisioter\\u00e0pia \\\/ osteopatia?\",\"acceptedAnswer\":{\"@type\":\"Answer\",\"text\":\"<ul><li style=\\\"font-weight: 400;\\\" aria-level=\\\"2\\\"><span style=\\\"font-weight: 400;\\\">En absolut. S\\u00f3n professions complement\\u00e0ries i cadasc\\u00fa de nosaltres veurem una altra versi\\u00f3 de tu.\\u00a0<\\\/span><\\\/li><li style=\\\"font-weight: 400;\\\" aria-level=\\\"2\\\"><span style=\\\"font-weight: 400;\\\">Per la nostra part com a Quiropr\\u00e0ctics treballem amb el Sistema Nervi\\u00f3s, i per tant amb la Columna Vertebral, la pelvis i el crani, que s\\u00f3n els ossos que el protegeixen.\\u00a0<\\\/span><\\\/li><li style=\\\"font-weight: 400;\\\" aria-level=\\\"2\\\"><span style=\\\"font-weight: 400;\\\">El Sistema Nervi\\u00f3s \\u00e9s el Sistema encarregat de controlar i coordinar tot el cos, i els Quiropr\\u00e0ctics som els professionals que comprovem que tant la Columna Vertebral com el Sistema Nervi\\u00f3s funcionin al 100%, sense interfer\\u00e8ncies, realitzant els Ajustos Quiropr\\u00e0ctics necessaris. <\\\/span><\\\/li><\\\/ul>\"}}]}<\/script>\n\t\t\t\t\t<\/div>\n\t\t\t\t<\/div>\n\t\t\t\t<\/div>\n\t\t\t\t\t<\/div>\n\t\t<\/div>\n\t\t\t\t\t<\/div>\n\t\t<\/section>\n\t\t\t\t<\/div>\n\t\t<\/p><\/div>\n\t\t\t\t\t\t\t\t\t<div class=\"elementor-tab-title elementor-tab-mobile-title\" aria-selected=\"false\" data-tab=\"2\" role=\"tab\" tabindex=\"-1\" aria-controls=\"elementor-tab-content-6282\" aria-expanded=\"false\">Los Ajustes<\/div>\n\t\t\t\t\t<div id=\"elementor-tab-content-6282\" class=\"elementor-tab-content elementor-clearfix\" data-tab=\"2\" role=\"tabpanel\" aria-labelledby=\"elementor-tab-title-6282\" tabindex=\"0\" hidden=\"hidden\"><p>\t\t<div data-elementor-type=\"section\" data-elementor-id=\"870\" class=\"elementor elementor-870\" data-elementor-post-type=\"elementor_library\">\n\t\t\t\t\t<section class=\"elementor-section elementor-top-section elementor-element elementor-element-6804190f elementor-section-boxed elementor-section-height-default elementor-section-height-default\" data-id=\"6804190f\" data-element_type=\"section\">\n\t\t\t\t\t\t<div class=\"elementor-container elementor-column-gap-default\">\n\t\t\t\t\t<div class=\"elementor-column elementor-col-100 elementor-top-column elementor-element elementor-element-d248fc7\" data-id=\"d248fc7\" data-element_type=\"column\">\n\t\t\t<div class=\"elementor-widget-wrap elementor-element-populated\">\n\t\t\t\t\t\t<div class=\"elementor-element elementor-element-7aa33d36 elementor-widget elementor-widget-accordion\" data-id=\"7aa33d36\" data-element_type=\"widget\" data-widget_type=\"accordion.default\">\n\t\t\t\t<div class=\"elementor-widget-container\">\n\t\t\t\t\t<div class=\"elementor-accordion\">\n\t\t\t\t\t\t\t<div class=\"elementor-accordion-item\">\n\t\t\t\t\t<div id=\"elementor-tab-title-2051\" class=\"elementor-tab-title\" data-tab=\"1\" role=\"button\" aria-controls=\"elementor-tab-content-2051\" aria-expanded=\"false\">\n\t\t\t\t\t\t\t\t\t\t\t\t\t<span class=\"elementor-accordion-icon elementor-accordion-icon-right\" aria-hidden=\"true\">\n\t\t\t\t\t\t\t\t\t\t\t\t\t\t\t<span class=\"elementor-accordion-icon-closed\"><i class=\"fas fa-chevron-down\"><\/i><\/span>\n\t\t\t\t\t\t\t\t<span class=\"elementor-accordion-icon-opened\"><i class=\"fas fa-chevron-up\"><\/i><\/span>\n\t\t\t\t\t\t\t\t\t\t\t\t\t\t<\/span>\n\t\t\t\t\t\t\t\t\t\t\t\t<a class=\"elementor-accordion-title\" tabindex=\"0\">\u00bfDesde qu\u00e9 edad puedo empezar? Todo el mundo se puede Ajustar?<\/a>\n\t\t\t\t\t<\/div>\n\t\t\t\t\t<div id=\"elementor-tab-content-2051\" class=\"elementor-tab-content elementor-clearfix\" data-tab=\"1\" role=\"region\" aria-labelledby=\"elementor-tab-title-2051\"><ul><li style=\"font-weight: 400;\" aria-level=\"2\"><span style=\"font-weight: 400;\">El primer mejor momento es en el momento de nacer. \u00a1El segundo mejor momento es ahora! Porque comprobar que el Sistema que controla todo nuestro cuerpo funciona al 100%, y en caso de que no sea as\u00ed Ajustarse para volverlo al m\u00e1ximo potencial, es una buena idea a cualquier edad.<\/span><\/li><li style=\"font-weight: 400;\" aria-level=\"2\"><span style=\"font-weight: 400;\">Si tienes alguna duda sobre si alguna persona conocida puede ser Ajustada, puedes comunic\u00e1rnoslo clicando <span style=\"text-decoration: underline;\"><a href=\"https:\/\/wa.me\/34635101625?text=Hola,\u00a0me\u00a0gustar\u00eda\u00a0saber\u00a0m\u00e1s\u00a0sobre\u00a0vuestros\u00a0servicios\u00a0\" target=\"_blank\" rel=\"noopener\">aqu\u00ed<\/a><\/span>.<\/span><\/li><\/ul><\/div>\n\t\t\t\t<\/div>\n\t\t\t\t\t\t\t<div class=\"elementor-accordion-item\">\n\t\t\t\t\t<div id=\"elementor-tab-title-2052\" class=\"elementor-tab-title\" data-tab=\"2\" role=\"button\" aria-controls=\"elementor-tab-content-2052\" aria-expanded=\"false\">\n\t\t\t\t\t\t\t\t\t\t\t\t\t<span class=\"elementor-accordion-icon elementor-accordion-icon-right\" aria-hidden=\"true\">\n\t\t\t\t\t\t\t\t\t\t\t\t\t\t\t<span class=\"elementor-accordion-icon-closed\"><i class=\"fas fa-chevron-down\"><\/i><\/span>\n\t\t\t\t\t\t\t\t<span class=\"elementor-accordion-icon-opened\"><i class=\"fas fa-chevron-up\"><\/i><\/span>\n\t\t\t\t\t\t\t\t\t\t\t\t\t\t<\/span>\n\t\t\t\t\t\t\t\t\t\t\t\t<a class=\"elementor-accordion-title\" tabindex=\"0\">\u00bfC\u00f3mo se hacen los Ajustes?<\/a>\n\t\t\t\t\t<\/div>\n\t\t\t\t\t<div id=\"elementor-tab-content-2052\" class=\"elementor-tab-content elementor-clearfix\" data-tab=\"2\" role=\"region\" aria-labelledby=\"elementor-tab-title-2052\"><ul><li style=\"font-weight: 400;\" aria-level=\"2\"><span style=\"font-weight: 400;\">Como bien indica la palabra Quiropr\u00e1ctica que parte de la palabra \"quiro\" del griego que significa \"mano\" y de la palabra \"pr\u00e1ctica\", las T\u00e9cnicas que usamos los Quiropr\u00e1cticos son manuales o hechas manualmente.<\/span><\/li><li style=\"font-weight: 400;\" aria-level=\"2\"><span style=\"font-weight: 400;\">Dependiendo de la T\u00e9cnica los Ajustes pueden ser suaves, r\u00e1pidos, con la ayuda de instrumentos, trabajando con la respiraci\u00f3n, entre otros, y nos permiten Ajustar las Subluxaciones de manera totalmente personalizada y adaptada a cada caso y cada persona de manera espec\u00edfica y concreta. <\/span><\/li><\/ul><\/div>\n\t\t\t\t<\/div>\n\t\t\t\t\t\t\t<div class=\"elementor-accordion-item\">\n\t\t\t\t\t<div id=\"elementor-tab-title-2053\" class=\"elementor-tab-title\" data-tab=\"3\" role=\"button\" aria-controls=\"elementor-tab-content-2053\" aria-expanded=\"false\">\n\t\t\t\t\t\t\t\t\t\t\t\t\t<span class=\"elementor-accordion-icon elementor-accordion-icon-right\" aria-hidden=\"true\">\n\t\t\t\t\t\t\t\t\t\t\t\t\t\t\t<span class=\"elementor-accordion-icon-closed\"><i class=\"fas fa-chevron-down\"><\/i><\/span>\n\t\t\t\t\t\t\t\t<span class=\"elementor-accordion-icon-opened\"><i class=\"fas fa-chevron-up\"><\/i><\/span>\n\t\t\t\t\t\t\t\t\t\t\t\t\t\t<\/span>\n\t\t\t\t\t\t\t\t\t\t\t\t<a class=\"elementor-accordion-title\" tabindex=\"0\">No me gustan los \"crujidos\" en mi cuerpo. \u00bfSiempre tiene que hacer \"crack\"?<\/a>\n\t\t\t\t\t<\/div>\n\t\t\t\t\t<div id=\"elementor-tab-content-2053\" class=\"elementor-tab-content elementor-clearfix\" data-tab=\"3\" role=\"region\" aria-labelledby=\"elementor-tab-title-2053\"><ul><li style=\"font-weight: 400;\" aria-level=\"2\"><span style=\"font-weight: 400;\">No es necesario en absoluto, ni las v\u00e9rtebras siempre hacen ruido cuando se Ajustan. Para comprobar que una v\u00e9rtebra est\u00e1 Ajustada nuestro indicador es que se restablezca la correcta comunicaci\u00f3n entre el cerebro y el cuerpo; el ruido no es lo que buscamos.<\/span><\/li><li style=\"font-weight: 400;\" aria-level=\"2\"><span style=\"font-weight: 400;\">El ruido del que nos hablas se llama Cavitaci\u00f3n, y depende mucho de la T\u00e9cnica Quiropr\u00e1ctica que empleamos, de la edad del paciente y del movimiento que tenga su columna vertebral.<\/span><\/li><li style=\"font-weight: 400;\" aria-level=\"2\"><span style=\"font-weight: 400;\">En caso de que no quieras que usamos una t\u00e9cnica que pueda hacer este tipo de ruido, ind\u00edcanoslo durante el Estudio Inicial y \u00a1adaptaremos sin problema los Ajustes que necesites a este requisito! <\/span><\/li><\/ul><\/div>\n\t\t\t\t<\/div>\n\t\t\t\t\t\t\t<div class=\"elementor-accordion-item\">\n\t\t\t\t\t<div id=\"elementor-tab-title-2054\" class=\"elementor-tab-title\" data-tab=\"4\" role=\"button\" aria-controls=\"elementor-tab-content-2054\" aria-expanded=\"false\">\n\t\t\t\t\t\t\t\t\t\t\t\t\t<span class=\"elementor-accordion-icon elementor-accordion-icon-right\" aria-hidden=\"true\">\n\t\t\t\t\t\t\t\t\t\t\t\t\t\t\t<span class=\"elementor-accordion-icon-closed\"><i class=\"fas fa-chevron-down\"><\/i><\/span>\n\t\t\t\t\t\t\t\t<span class=\"elementor-accordion-icon-opened\"><i class=\"fas fa-chevron-up\"><\/i><\/span>\n\t\t\t\t\t\t\t\t\t\t\t\t\t\t<\/span>\n\t\t\t\t\t\t\t\t\t\t\t\t<a class=\"elementor-accordion-title\" tabindex=\"0\">\u00bfEl Ajuste duele?<\/a>\n\t\t\t\t\t<\/div>\n\t\t\t\t\t<div id=\"elementor-tab-content-2054\" class=\"elementor-tab-content elementor-clearfix\" data-tab=\"4\" role=\"region\" aria-labelledby=\"elementor-tab-title-2054\"><ul><li style=\"font-weight: 400;\" aria-level=\"2\"><span style=\"font-weight: 400;\">No, el Ajuste no duele. Cuando Ajustamos corregimos las Subluxaciones Vertebrales y se restablece la \u00f3ptima comunicaci\u00f3n del cerebro con el resto del cuerpo. Por lo tanto, desde el primer Ajuste el cuerpo est\u00e1 funcionando mejor.<\/span><\/li><li style=\"font-weight: 400;\" aria-level=\"2\"><span style=\"font-weight: 400;\">\u00a1Habitualmente nuestros pacientes despu\u00e9s de los Ajustes notan una sensaci\u00f3n de relajaci\u00f3n y de calma para que el Sistema Nervioso vuelve a estar al 100%!<\/span><\/li><\/ul><\/div>\n\t\t\t\t<\/div>\n\t\t\t\t\t\t\t<div class=\"elementor-accordion-item\">\n\t\t\t\t\t<div id=\"elementor-tab-title-2055\" class=\"elementor-tab-title\" data-tab=\"5\" role=\"button\" aria-controls=\"elementor-tab-content-2055\" aria-expanded=\"false\">\n\t\t\t\t\t\t\t\t\t\t\t\t\t<span class=\"elementor-accordion-icon elementor-accordion-icon-right\" aria-hidden=\"true\">\n\t\t\t\t\t\t\t\t\t\t\t\t\t\t\t<span class=\"elementor-accordion-icon-closed\"><i class=\"fas fa-chevron-down\"><\/i><\/span>\n\t\t\t\t\t\t\t\t<span class=\"elementor-accordion-icon-opened\"><i class=\"fas fa-chevron-up\"><\/i><\/span>\n\t\t\t\t\t\t\t\t\t\t\t\t\t\t<\/span>\n\t\t\t\t\t\t\t\t\t\t\t\t<a class=\"elementor-accordion-title\" tabindex=\"0\">\u00bfCada cu\u00e1nto me tengo que Ajustar?<\/a>\n\t\t\t\t\t<\/div>\n\t\t\t\t\t<div id=\"elementor-tab-content-2055\" class=\"elementor-tab-content elementor-clearfix\" data-tab=\"5\" role=\"region\" aria-labelledby=\"elementor-tab-title-2055\"><ul><li style=\"font-weight: 400;\" aria-level=\"2\"><span style=\"font-weight: 400;\">\u00a1Gran pregunta esta! Cada persona es un mundo y cada evoluci\u00f3n es diferente. Es por este motivo que basamos Planes De Acci\u00f3n en la experiencia de casos similares previos, sobre qu\u00e9 frecuencias, T\u00e9cnicas y recomendaciones han demostrado ser m\u00e1s efectivas.<\/span><\/li><li style=\"font-weight: 400;\" aria-level=\"2\"><span style=\"font-weight: 400;\">Dado que nuestro objetivo es volver a vuestro m\u00e1ximo potencial de Salud lo antes posible, solemos comenzar con una Fase Intensiva de visitas. A medida que vamos avanzando con los Ajustes, cada vez se necesitan de manera menos frecuente y llegamos a la Fase de Bienestar. <\/span><\/li><\/ul><\/div>\n\t\t\t\t<\/div>\n\t\t\t\t\t\t\t\t\t\t<script type=\"application\/ld+json\">{\"@context\":\"https:\\\/\\\/schema.org\",\"@type\":\"FAQPage\",\"mainEntity\":[{\"@type\":\"Question\",\"name\":\"Des de quina edat puc comen\\u00e7ar? Tothom es pot Ajustar?\",\"acceptedAnswer\":{\"@type\":\"Answer\",\"text\":\"<ul><li style=\\\"font-weight: 400;\\\" aria-level=\\\"2\\\"><span style=\\\"font-weight: 400;\\\">El primer millor moment \\u00e9s en el moment de n\\u00e9ixer. El segon millor moment \\u00e9s ara! Perqu\\u00e8 comprovar que el Sistema que controla tot el nostre cos funciona al 100%, i en cas que no sigui aix\\u00ed Ajustar-lo per a tornar al m\\u00e0xim potencial, \\u00e9s una bona idea a qualsevol edat.<\\\/span><\\\/li><li style=\\\"font-weight: 400;\\\" aria-level=\\\"2\\\"><span style=\\\"font-weight: 400;\\\">Si tens cap dubte sobre si alguna persona coneguda pot ser Ajustada, pots comunicar-nos-ho clicant <span style=\\\"text-decoration: underline;\\\"><a href=\\\"https:\\\/\\\/wa.me\\\/34635101625?text=Hola,%20voldria%20saber%20m\\u00e9s%20sobre%20els%20vostres%20serveis\\\" target=\\\"_blank\\\" rel=\\\"noopener\\\">aqu\\u00ed<\\\/a><\\\/span>.<\\\/span><\\\/li><\\\/ul>\"}},{\"@type\":\"Question\",\"name\":\"Com es fan els Ajustos?\",\"acceptedAnswer\":{\"@type\":\"Answer\",\"text\":\"<ul><li style=\\\"font-weight: 400;\\\" aria-level=\\\"2\\\"><span style=\\\"font-weight: 400;\\\">Com b\\u00e9 indica la paraula Quiropr\\u00e0ctica que parteix de la paraula \\u201cquiro\\u201d del grec que significa \\u201cm\\u00e0\\u201d i de la paraula \\u201cpr\\u00e0ctica\\u201d, les T\\u00e8cniques que fem servir els Quiropr\\u00e0ctics s\\u00f3n manuals o fetes manualment.<\\\/span><\\\/li><li style=\\\"font-weight: 400;\\\" aria-level=\\\"2\\\"><span style=\\\"font-weight: 400;\\\">Depenent de la T\\u00e8cnica els ajustos poden ser suaus, r\\u00e0pids, amb l\\u2019ajuda d\\u2019instruments, treballant amb la respiraci\\u00f3, entre d\\u2019altres, i ens permeten Ajustar les Subluxacions de manera totalment personalitzada i adaptada a cada cas i cada persona de manera espec\\u00edfica i concreta. <\\\/span><\\\/li><\\\/ul>\"}},{\"@type\":\"Question\",\"name\":\"No m\\u2019agraden els \\u201ccruixits\\u201d al meu cos. Sempre ha de fer \\u201ccrack\\u201d?\",\"acceptedAnswer\":{\"@type\":\"Answer\",\"text\":\"<ul><li style=\\\"font-weight: 400;\\\" aria-level=\\\"2\\\"><span style=\\\"font-weight: 400;\\\">No \\u00e9s necessari en absolut, ni les v\\u00e8rtebres sempre fan soroll quan s\\u2019ajusten. Per comprovar que una v\\u00e8rtebra est\\u00e0 ajustada el nostre indicador \\u00e9s que es restableixi la correcta comunicaci\\u00f3 entre el cervell i el cos; el soroll no \\u00e9s el que busquem.<\\\/span><\\\/li><li style=\\\"font-weight: 400;\\\" aria-level=\\\"2\\\"><span style=\\\"font-weight: 400;\\\">El soroll del qual ens parles es diu Cavitaci\\u00f3, i dep\\u00e8n molt de la T\\u00e8cnica Quiropr\\u00e0ctica que emprem, de l\\u2019edat del pacient i del moviment que tingui la seva columna vertebral.<\\\/span><\\\/li><li style=\\\"font-weight: 400;\\\" aria-level=\\\"2\\\"><span style=\\\"font-weight: 400;\\\">En cas que no vulguis que fem servir una T\\u00e8cnica que pugui fer aquest tipus de soroll, indica\\u2019ns-ho durant l\\u2019Estudi Inicial i adaptarem sense problema els ajustos que necessitis a aquest requisit! <\\\/span><\\\/li><\\\/ul>\"}},{\"@type\":\"Question\",\"name\":\"L\\u2019Ajust fa mal?\",\"acceptedAnswer\":{\"@type\":\"Answer\",\"text\":\"<ul><li style=\\\"font-weight: 400;\\\" aria-level=\\\"2\\\"><span style=\\\"font-weight: 400;\\\">No, l\\u2019Ajust no fa mal. Quan Ajustem corregim les Subluxacions Vertebrals i es restableix l\\u2019\\u00f2ptima comunicaci\\u00f3 del cervell amb la resta del cos. Per tant, des del primer Ajust el cos est\\u00e0 funcionant millor.<\\\/span><\\\/li><li style=\\\"font-weight: 400;\\\" aria-level=\\\"2\\\"><span style=\\\"font-weight: 400;\\\">Habitualment els nostres pacients despr\\u00e9s dels Ajustos noten una sensaci\\u00f3 de relaxaci\\u00f3 i de calma perqu\\u00e8 el Sistema Nervi\\u00f3s torna a estar al 100%!<\\\/span><\\\/li><\\\/ul>\"}},{\"@type\":\"Question\",\"name\":\"Com de sovint m\\u2019he d\\u2019Ajustar?\",\"acceptedAnswer\":{\"@type\":\"Answer\",\"text\":\"<ul><li style=\\\"font-weight: 400;\\\" aria-level=\\\"2\\\"><span style=\\\"font-weight: 400;\\\">Gran pregunta aquesta! Cada persona \\u00e9s un m\\u00f3n i cada evoluci\\u00f3 \\u00e9s diferent. \\u00c9s per aquest motiu que basem els Plans D\\u2019Acci\\u00f3 en l\\u2019experi\\u00e8ncia de casos similars previs, sobre quines freq\\u00fc\\u00e8ncies, T\\u00e8cniques i recomanacions han demostrat ser m\\u00e9s efectives.<\\\/span><\\\/li><li style=\\\"font-weight: 400;\\\" aria-level=\\\"2\\\"><span style=\\\"font-weight: 400;\\\">Donat que el nostre objectiu \\u00e9s tornar-vos al vostre m\\u00e0xim potencial de Salut el m\\u00e9s aviat possible, acostumem a comen\\u00e7ar amb una Fase Intensiva de visites. A mesura que anem avan\\u00e7ant amb els Ajustos, cada vegada se\\u2019n necessiten de manera menys freq\\u00fcent i arribem a la Fase de Benestar. <\\\/span><\\\/li><\\\/ul>\"}}]}<\/script>\n\t\t\t\t\t<\/div>\n\t\t\t\t<\/div>\n\t\t\t\t<\/div>\n\t\t\t\t\t<\/div>\n\t\t<\/div>\n\t\t\t\t\t<\/div>\n\t\t<\/section>\n\t\t\t\t<\/div>\n\t\t<\/p><\/div>\n\t\t\t\t\t\t\t\t\t<div class=\"elementor-tab-title elementor-tab-mobile-title\" aria-selected=\"false\" data-tab=\"3\" role=\"tab\" tabindex=\"-1\" aria-controls=\"elementor-tab-content-6283\" aria-expanded=\"false\">Los Casos<\/div>\n\t\t\t\t\t<div id=\"elementor-tab-content-6283\" class=\"elementor-tab-content elementor-clearfix\" data-tab=\"3\" role=\"tabpanel\" aria-labelledby=\"elementor-tab-title-6283\" tabindex=\"0\" hidden=\"hidden\"><p>\t\t<div data-elementor-type=\"section\" data-elementor-id=\"873\" class=\"elementor elementor-873\" data-elementor-post-type=\"elementor_library\">\n\t\t\t\t\t<section class=\"elementor-section elementor-top-section elementor-element elementor-element-5e7e3f1f elementor-section-boxed elementor-section-height-default elementor-section-height-default\" data-id=\"5e7e3f1f\" data-element_type=\"section\">\n\t\t\t\t\t\t<div class=\"elementor-container elementor-column-gap-default\">\n\t\t\t\t\t<div class=\"elementor-column elementor-col-100 elementor-top-column elementor-element elementor-element-1feaad3\" data-id=\"1feaad3\" data-element_type=\"column\">\n\t\t\t<div class=\"elementor-widget-wrap elementor-element-populated\">\n\t\t\t\t\t\t<div class=\"elementor-element elementor-element-1d6e6421 elementor-widget elementor-widget-accordion\" data-id=\"1d6e6421\" data-element_type=\"widget\" data-widget_type=\"accordion.default\">\n\t\t\t\t<div class=\"elementor-widget-container\">\n\t\t\t\t\t<div class=\"elementor-accordion\">\n\t\t\t\t\t\t\t<div class=\"elementor-accordion-item\">\n\t\t\t\t\t<div id=\"elementor-tab-title-4931\" class=\"elementor-tab-title\" data-tab=\"1\" role=\"button\" aria-controls=\"elementor-tab-content-4931\" aria-expanded=\"false\">\n\t\t\t\t\t\t\t\t\t\t\t\t\t<span class=\"elementor-accordion-icon elementor-accordion-icon-right\" aria-hidden=\"true\">\n\t\t\t\t\t\t\t\t\t\t\t\t\t\t\t<span class=\"elementor-accordion-icon-closed\"><i class=\"fas fa-chevron-down\"><\/i><\/span>\n\t\t\t\t\t\t\t\t<span class=\"elementor-accordion-icon-opened\"><i class=\"fas fa-chevron-up\"><\/i><\/span>\n\t\t\t\t\t\t\t\t\t\t\t\t\t\t<\/span>\n\t\t\t\t\t\t\t\t\t\t\t\t<a class=\"elementor-accordion-title\" tabindex=\"0\">\u00bfLa Quiropr\u00e1ctica me puede ir bien tambi\u00e9n para problemas que no sean de la Columna Vertebral?<\/a>\n\t\t\t\t\t<\/div>\n\t\t\t\t\t<div id=\"elementor-tab-content-4931\" class=\"elementor-tab-content elementor-clearfix\" data-tab=\"1\" role=\"region\" aria-labelledby=\"elementor-tab-title-4931\"><ul><li style=\"font-weight: 400;\" aria-level=\"2\"><span style=\"font-weight: 400;\">Correcto, \u00a1la Quiropr\u00e1ctica va mucho m\u00e1s all\u00e1 de problemas de Columna! Como trabajamos con el Sistema Nervioso, que es el sistema que controla y coordina todo el cuerpo, cuando realizamos los Ajustes Quiropr\u00e1cticos observamos cambios en muchos aspectos y procesos corporales.<\/span><\/li><li style=\"font-weight: 400;\" aria-level=\"2\"><span style=\"font-weight: 400;\">Las digestiones, el descanso, la energ\u00eda, el estado de \u00e1nimo, la movilidad, la reparaci\u00f3n de lesiones o la relajaci\u00f3n muscular son algunos de los cambios positivos tan variados que observamos en las personas que acuden a nuestro Centro.<\/span><\/li><\/ul><\/div>\n\t\t\t\t<\/div>\n\t\t\t\t\t\t\t<div class=\"elementor-accordion-item\">\n\t\t\t\t\t<div id=\"elementor-tab-title-4932\" class=\"elementor-tab-title\" data-tab=\"2\" role=\"button\" aria-controls=\"elementor-tab-content-4932\" aria-expanded=\"false\">\n\t\t\t\t\t\t\t\t\t\t\t\t\t<span class=\"elementor-accordion-icon elementor-accordion-icon-right\" aria-hidden=\"true\">\n\t\t\t\t\t\t\t\t\t\t\t\t\t\t\t<span class=\"elementor-accordion-icon-closed\"><i class=\"fas fa-chevron-down\"><\/i><\/span>\n\t\t\t\t\t\t\t\t<span class=\"elementor-accordion-icon-opened\"><i class=\"fas fa-chevron-up\"><\/i><\/span>\n\t\t\t\t\t\t\t\t\t\t\t\t\t\t<\/span>\n\t\t\t\t\t\t\t\t\t\t\t\t<a class=\"elementor-accordion-title\" tabindex=\"0\">\u00bfLa Quiropr\u00e1ctica me puede ayudar con el estr\u00e9s?<\/a>\n\t\t\t\t\t<\/div>\n\t\t\t\t\t<div id=\"elementor-tab-content-4932\" class=\"elementor-tab-content elementor-clearfix\" data-tab=\"2\" role=\"region\" aria-labelledby=\"elementor-tab-title-4932\"><ul><li style=\"font-weight: 400;\" aria-level=\"2\"><span style=\"font-weight: 400;\">En nuestros pacientes, desde beb\u00e9s hasta personas mayores, hemos observado que los Ajustes les permiten una mejor adaptaci\u00f3n a los tres tipos de estr\u00e9s (f\u00edsico, qu\u00edmico y emocional), identificarlos antes y poder realizar cambios en su vida que no generen tanto estr\u00e9s.\u00a0<\/span><\/li><li style=\"font-weight: 400;\" aria-level=\"2\"><span style=\"font-weight: 400;\">Adem\u00e1s, la Quiropr\u00e1ctica ayuda a equilibrar el Sistema Nervioso Simp\u00e1tico -el accelerador del cuerpo cuando hay estr\u00e9s- y el Parasimp\u00e1tico -el freno del cuerpo que activa el descanso, la digesti\u00f3n, el crecimiento y la reparaci\u00f3n de tejidos. Y este equilibrio puede ser clave en la adaptaci\u00f3n al estr\u00e9s en el d\u00eda a d\u00eda.<\/span><\/li><\/ul><\/div>\n\t\t\t\t<\/div>\n\t\t\t\t\t\t\t<div class=\"elementor-accordion-item\">\n\t\t\t\t\t<div id=\"elementor-tab-title-4933\" class=\"elementor-tab-title\" data-tab=\"3\" role=\"button\" aria-controls=\"elementor-tab-content-4933\" aria-expanded=\"false\">\n\t\t\t\t\t\t\t\t\t\t\t\t\t<span class=\"elementor-accordion-icon elementor-accordion-icon-right\" aria-hidden=\"true\">\n\t\t\t\t\t\t\t\t\t\t\t\t\t\t\t<span class=\"elementor-accordion-icon-closed\"><i class=\"fas fa-chevron-down\"><\/i><\/span>\n\t\t\t\t\t\t\t\t<span class=\"elementor-accordion-icon-opened\"><i class=\"fas fa-chevron-up\"><\/i><\/span>\n\t\t\t\t\t\t\t\t\t\t\t\t\t\t<\/span>\n\t\t\t\t\t\t\t\t\t\t\t\t<a class=\"elementor-accordion-title\" tabindex=\"0\">Tengo hernias discales \/ protrusiones discales y no quisiera llegar a operarme. \u00bfLa Quiropr\u00e1ctica me puede ir bien?<\/a>\n\t\t\t\t\t<\/div>\n\t\t\t\t\t<div id=\"elementor-tab-content-4933\" class=\"elementor-tab-content elementor-clearfix\" data-tab=\"3\" role=\"region\" aria-labelledby=\"elementor-tab-title-4933\"><ul><li style=\"font-weight: 400;\" aria-level=\"2\"><span style=\"font-weight: 400;\">Como especialistas en la Columna Vertebral hemos dado muchas personas con problemas discales que hoy en d\u00eda tienen una muy buena Calidad de Vida donde han recuperado muchas o todas las cosas que no pod\u00edan hacer antes.\u00a0<\/span><\/li><li style=\"font-weight: 400;\" aria-level=\"2\"><span style=\"font-weight: 400;\">Cuando hay problemas con los discos entre v\u00e9rtebras, estos no pueden amortiguar correctamente los impactos y hace que las articulaciones cercanas sufran. Por lo tanto, cuando analizamos y corregimos los bloqueos vertebrales (las Subluxaciones quiropr\u00e1cticas) tanto en la zona del desgaste como las zonas que se sobrecargan para intentar compensar, se reduce la presi\u00f3n sobre el disco y se puede retrasar el deterioro.<\/span><\/li><\/ul><\/div>\n\t\t\t\t<\/div>\n\t\t\t\t\t\t\t<div class=\"elementor-accordion-item\">\n\t\t\t\t\t<div id=\"elementor-tab-title-4934\" class=\"elementor-tab-title\" data-tab=\"4\" role=\"button\" aria-controls=\"elementor-tab-content-4934\" aria-expanded=\"false\">\n\t\t\t\t\t\t\t\t\t\t\t\t\t<span class=\"elementor-accordion-icon elementor-accordion-icon-right\" aria-hidden=\"true\">\n\t\t\t\t\t\t\t\t\t\t\t\t\t\t\t<span class=\"elementor-accordion-icon-closed\"><i class=\"fas fa-chevron-down\"><\/i><\/span>\n\t\t\t\t\t\t\t\t<span class=\"elementor-accordion-icon-opened\"><i class=\"fas fa-chevron-up\"><\/i><\/span>\n\t\t\t\t\t\t\t\t\t\t\t\t\t\t<\/span>\n\t\t\t\t\t\t\t\t\t\t\t\t<a class=\"elementor-accordion-title\" tabindex=\"0\">Tengo osteoporosis \/ artrosis y me da miedo que me toquen la Columna.<\/a>\n\t\t\t\t\t<\/div>\n\t\t\t\t\t<div id=\"elementor-tab-content-4934\" class=\"elementor-tab-content elementor-clearfix\" data-tab=\"4\" role=\"region\" aria-labelledby=\"elementor-tab-title-4934\"><ul><li style=\"font-weight: 400;\" aria-level=\"2\"><span style=\"font-weight: 400;\">Entendemos totalmente tu miedo y con seguridad podemos decirte que est\u00e1s en buenas manos. Conocemos muchas t\u00e9cnicas quiropr\u00e1cticas, lo que nos permite adaptarnos a cada situaci\u00f3n y cada caso.\u00a0<\/span><\/li><li style=\"font-weight: 400;\" aria-level=\"2\"><span style=\"font-weight: 400;\">Adem\u00e1s, cada Ajuste adecuamos la fuerza, la amplitud y el movimiento para poder Ajustar hacerte con todas las garant\u00edas. \u00a1Para que tu Columna Vertebral vuelva a funcionar al 100%, y por lo tanto tu Sistema Nervioso funcione al m\u00e1ximo potencial de Salud!<\/span><\/li><\/ul><\/div>\n\t\t\t\t<\/div>\n\t\t\t\t\t\t\t<div class=\"elementor-accordion-item\">\n\t\t\t\t\t<div id=\"elementor-tab-title-4935\" class=\"elementor-tab-title\" data-tab=\"5\" role=\"button\" aria-controls=\"elementor-tab-content-4935\" aria-expanded=\"false\">\n\t\t\t\t\t\t\t\t\t\t\t\t\t<span class=\"elementor-accordion-icon elementor-accordion-icon-right\" aria-hidden=\"true\">\n\t\t\t\t\t\t\t\t\t\t\t\t\t\t\t<span class=\"elementor-accordion-icon-closed\"><i class=\"fas fa-chevron-down\"><\/i><\/span>\n\t\t\t\t\t\t\t\t<span class=\"elementor-accordion-icon-opened\"><i class=\"fas fa-chevron-up\"><\/i><\/span>\n\t\t\t\t\t\t\t\t\t\t\t\t\t\t<\/span>\n\t\t\t\t\t\t\t\t\t\t\t\t<a class=\"elementor-accordion-title\" tabindex=\"0\">\u00bfLa Quiropr\u00e1ctica puede ayudar con la escoliosis \/ desviaci\u00f3n de Columna?<\/a>\n\t\t\t\t\t<\/div>\n\t\t\t\t\t<div id=\"elementor-tab-content-4935\" class=\"elementor-tab-content elementor-clearfix\" data-tab=\"5\" role=\"region\" aria-labelledby=\"elementor-tab-title-4935\"><ul><li style=\"font-weight: 400;\" aria-level=\"2\"><span style=\"font-weight: 400;\">En nuestra experiencia en estos casos solemos detectar Subluxaciones Vertebrales que coinciden con los puntos de mayor tensi\u00f3n y, por tanto, de m\u00e1s estr\u00e9s f\u00edsico.<\/span><\/li><li style=\"font-weight: 400;\" aria-level=\"2\"><span style=\"font-weight: 400;\">Por lo tanto, cuando se ha perdido la alineaci\u00f3n de la Columna Vertebral lo m\u00e1s importante es restablecer y mantener el \u00f3ptimo funcionamiento del Sistema Nervioso y la correcta movilidad de la Columna Vertebral, Ajustando las Subluxaciones.\u00a0<\/span><\/li><li style=\"font-weight: 400;\" aria-level=\"2\"><span style=\"font-weight: 400;\">De esta manera se podr\u00eda frenar el avance de la desviaci\u00f3n y se podr\u00e1 tener m\u00e1s control de la musculatura encargada de la posici\u00f3n corporal.<\/span><\/li><\/ul><\/div>\n\t\t\t\t<\/div>\n\t\t\t\t\t\t\t\t\t\t<script type=\"application\/ld+json\">{\"@context\":\"https:\\\/\\\/schema.org\",\"@type\":\"FAQPage\",\"mainEntity\":[{\"@type\":\"Question\",\"name\":\"La Quiropr\\u00e0ctica em pot anar b\\u00e9 tamb\\u00e9 per a problemes que no siguin de la Columna Vertebral?\",\"acceptedAnswer\":{\"@type\":\"Answer\",\"text\":\"<ul><li style=\\\"font-weight: 400;\\\" aria-level=\\\"2\\\"><span style=\\\"font-weight: 400;\\\">Correcte, la Quiropr\\u00e0ctica va molt m\\u00e9s enll\\u00e0 de problemes de Columna! Com treballem amb el Sistema Nervi\\u00f3s, que \\u00e9s el sistema que controla i coordina tot el cos, quan realitzem els Ajustos Quiropr\\u00e0ctics observem canvis en molts aspectes i processos corporals.<\\\/span><\\\/li><li style=\\\"font-weight: 400;\\\" aria-level=\\\"2\\\"><span style=\\\"font-weight: 400;\\\">Les digestions, el descans, l\\u2019energia, l\\u2019estat d\\u2019\\u00e0nim, la mobilitat, la reparaci\\u00f3 de lesions o la relaxaci\\u00f3 muscular s\\u00f3n alguns dels canvis positius tan variats que observem en les persones que acuden al nostre Centre.<\\\/span><\\\/li><\\\/ul>\"}},{\"@type\":\"Question\",\"name\":\"La Quiropr\\u00e0ctica em pot ajudar amb l\\u2019estr\\u00e8s?\",\"acceptedAnswer\":{\"@type\":\"Answer\",\"text\":\"<ul><li style=\\\"font-weight: 400;\\\" aria-level=\\\"2\\\"><span style=\\\"font-weight: 400;\\\">En els nostres pacients, des de nadons fins a persones grans, hem observat que els ajustos els permeten una millor adaptaci\\u00f3 als tres tipus d\\u2019estr\\u00e8s (f\\u00edsic, qu\\u00edmic i emocional), a identificar-los m\\u00e9s aviat i a poder realitzar canvis a la seva vida que no generin tant d\\u2019estr\\u00e8s.\\u00a0<\\\/span><\\\/li><li style=\\\"font-weight: 400;\\\" aria-level=\\\"2\\\"><span style=\\\"font-weight: 400;\\\">A m\\u00e9s, la Quiropr\\u00e0ctica ajuda a equilibrar el Sistema Nervi\\u00f3s Simp\\u00e0tic -l\\u2019accelerador del cos quan hi ha estr\\u00e8s- i el Parasimp\\u00e0tic -el fre del cos que activa el descans, la digesti\\u00f3, el creixement i la reparaci\\u00f3 de teixits. I aquest equilibri pot ser clau en l\\u2019adaptaci\\u00f3 a l\\u2019estr\\u00e8s en el dia a dia.<\\\/span><\\\/li><\\\/ul>\"}},{\"@type\":\"Question\",\"name\":\"Tinc h\\u00e8rnies discals \\\/ protrusions discals i no voldria arribar a operar-me. La Quiropr\\u00e0ctica em pot anar b\\u00e9?\",\"acceptedAnswer\":{\"@type\":\"Answer\",\"text\":\"<ul><li style=\\\"font-weight: 400;\\\" aria-level=\\\"2\\\"><span style=\\\"font-weight: 400;\\\">Com a especialistes en la Columna Vertebral hem at\\u00e8s moltes persones amb problemes discals que avui en dia tenen una molt bona Qualitat de Vida on han recuperat moltes o totes les coses que no podien fer abans.\\u00a0<\\\/span><\\\/li><li style=\\\"font-weight: 400;\\\" aria-level=\\\"2\\\"><span style=\\\"font-weight: 400;\\\">Quan hi ha problemes amb els discs entre v\\u00e8rtebres, aquests no poden amortir correctament els impactes i fa que les articulacions properes pateixin. Per tant, quan analitzem i corregim els bloquejos vertebrals (les Subluxacions Quiropr\\u00e0ctiques) tant a la zona del desgast com a les zones que se sobrecarreguen per intentar compensar, es redueix la pressi\\u00f3 sobre el disc i es pot retardar el deteriorament.<\\\/span><\\\/li><\\\/ul>\"}},{\"@type\":\"Question\",\"name\":\"Tinc osteoporosi \\\/ artrosi i em fa por que em toquin la Columna.\",\"acceptedAnswer\":{\"@type\":\"Answer\",\"text\":\"<ul><li style=\\\"font-weight: 400;\\\" aria-level=\\\"2\\\"><span style=\\\"font-weight: 400;\\\">Entenem totalment la teva por i amb seguretat podem dir-te que est\\u00e0s en bones mans. Coneixem moltes T\\u00e8cniques Quiropr\\u00e0ctiques, fet que ens permet adaptar-nos a cada situaci\\u00f3 i cada cas.\\u00a0<\\\/span><\\\/li><li style=\\\"font-weight: 400;\\\" aria-level=\\\"2\\\"><span style=\\\"font-weight: 400;\\\">A m\\u00e9s, a cada Ajust adeq\\u00fcem la for\\u00e7a, l\\u2019amplitut i el moviment per a poder Ajustar-te amb totes les garanties. Per a que la teva Columna Vertebral torni a funcionar al 100%, i per tant el teu Sistema Nervi\\u00f3s funcioni al m\\u00e0xim potencial de salut!<\\\/span><\\\/li><\\\/ul>\"}},{\"@type\":\"Question\",\"name\":\"La Quiropr\\u00e0ctica pot ajudar amb l\\u2019escoliosi \\\/ desviaci\\u00f3 de Columna?\",\"acceptedAnswer\":{\"@type\":\"Answer\",\"text\":\"<ul><li style=\\\"font-weight: 400;\\\" aria-level=\\\"2\\\"><span style=\\\"font-weight: 400;\\\">En la nostra experi\\u00e8ncia en aquests casos acostumem a detectar Subluxacions Vertebrals que coincideixen amb els punts de m\\u00e9s tensi\\u00f3 i, per tant, de m\\u00e9s estr\\u00e9s f\\u00edsic.<\\\/span><\\\/li><li style=\\\"font-weight: 400;\\\" aria-level=\\\"2\\\"><span style=\\\"font-weight: 400;\\\">Per tant, quan s\\u2019ha perdut l\\u2019alineaci\\u00f3 de la Columna Vertebral el m\\u00e9s important \\u00e9s restablir i mantenir l\\u2019\\u00f2ptim funcionament del Sistema Nervi\\u00f3s i la correcta mobilitat de la Columna Vertebral, ajustant les Subluxacions.\\u00a0<\\\/span><\\\/li><li style=\\\"font-weight: 400;\\\" aria-level=\\\"2\\\"><span style=\\\"font-weight: 400;\\\">D\\u2019aquesta manera es podria frenar l\\u2019aven\\u00e7 de la desviaci\\u00f3 i es podr\\u00e0 tenir m\\u00e9s control de la musculatura encarregada de la posici\\u00f3 corporal.<\\\/span><\\\/li><\\\/ul>\"}}]}<\/script>\n\t\t\t\t\t<\/div>\n\t\t\t\t<\/div>\n\t\t\t\t<\/div>\n\t\t\t\t\t<\/div>\n\t\t<\/div>\n\t\t\t\t\t<\/div>\n\t\t<\/section>\n\t\t\t\t<\/div>\n\t\t<\/p><\/div>\n\t\t\t\t\t\t\t\t\t<div class=\"elementor-tab-title elementor-tab-mobile-title\" aria-selected=\"false\" data-tab=\"4\" role=\"tab\" tabindex=\"-1\" aria-controls=\"elementor-tab-content-6284\" aria-expanded=\"false\">Los Beneficios<\/div>\n\t\t\t\t\t<div id=\"elementor-tab-content-6284\" class=\"elementor-tab-content elementor-clearfix\" data-tab=\"4\" role=\"tabpanel\" aria-labelledby=\"elementor-tab-title-6284\" tabindex=\"0\" hidden=\"hidden\"><p>\t\t<div data-elementor-type=\"section\" data-elementor-id=\"876\" class=\"elementor elementor-876\" data-elementor-post-type=\"elementor_library\">\n\t\t\t\t\t<section class=\"elementor-section elementor-top-section elementor-element elementor-element-745261bc elementor-section-boxed elementor-section-height-default elementor-section-height-default\" data-id=\"745261bc\" data-element_type=\"section\">\n\t\t\t\t\t\t<div class=\"elementor-container elementor-column-gap-default\">\n\t\t\t\t\t<div class=\"elementor-column elementor-col-100 elementor-top-column elementor-element elementor-element-1f9dd01d\" data-id=\"1f9dd01d\" data-element_type=\"column\">\n\t\t\t<div class=\"elementor-widget-wrap elementor-element-populated\">\n\t\t\t\t\t\t<div class=\"elementor-element elementor-element-4825792b elementor-widget elementor-widget-accordion\" data-id=\"4825792b\" data-element_type=\"widget\" data-widget_type=\"accordion.default\">\n\t\t\t\t<div class=\"elementor-widget-container\">\n\t\t\t\t\t<div class=\"elementor-accordion\">\n\t\t\t\t\t\t\t<div class=\"elementor-accordion-item\">\n\t\t\t\t\t<div id=\"elementor-tab-title-1211\" class=\"elementor-tab-title\" data-tab=\"1\" role=\"button\" aria-controls=\"elementor-tab-content-1211\" aria-expanded=\"false\">\n\t\t\t\t\t\t\t\t\t\t\t\t\t<span class=\"elementor-accordion-icon elementor-accordion-icon-right\" aria-hidden=\"true\">\n\t\t\t\t\t\t\t\t\t\t\t\t\t\t\t<span class=\"elementor-accordion-icon-closed\"><i class=\"fas fa-chevron-down\"><\/i><\/span>\n\t\t\t\t\t\t\t\t<span class=\"elementor-accordion-icon-opened\"><i class=\"fas fa-chevron-up\"><\/i><\/span>\n\t\t\t\t\t\t\t\t\t\t\t\t\t\t<\/span>\n\t\t\t\t\t\t\t\t\t\t\t\t<a class=\"elementor-accordion-title\" tabindex=\"0\">\u00bfC\u00f3mo puedo saber si tengo que revisar mi Sistema Nervioso?<\/a>\n\t\t\t\t\t<\/div>\n\t\t\t\t\t<div id=\"elementor-tab-content-1211\" class=\"elementor-tab-content elementor-clearfix\" data-tab=\"1\" role=\"region\" aria-labelledby=\"elementor-tab-title-1211\"><ul><li style=\"font-weight: 400;\" aria-level=\"2\"><span style=\"font-weight: 400;\">Como Quiropr\u00e1cticos entendemos la Salud como un estado de completo bienestar y no solo la ausencia de s\u00edntomas. Si tienes una Columna Vertebral siempre es una buena idea revisar el Sistema Nervioso a pesar de no tener s\u00edntomas o molestias en la Columna.\u00a0<\/span><\/li><li style=\"font-weight: 400;\" aria-level=\"2\"><span style=\"font-weight: 400;\">Teniendo en cuenta que muchas veces las Subluxaciones Vertebrales son silenciosas y pueden no generar molestias en el lugar donde est\u00e1n, estas pueden pasar desapercibidas y afectar paulatinamente a la comunicaci\u00f3n del cerebro con la zona con la que est\u00e9n conectadas: extremidades, Columna, \u00f3rganos, m\u00fasculos, articulaciones, entre otros. Con este objetivo, apostamos por la prevenci\u00f3n y el mantenimiento del cuerpo al m\u00e1ximo potencial gracias a h\u00e1bitos de vida saludables y los Ajustes Quiropr\u00e1cticos.<\/span><\/li><\/ul><\/div>\n\t\t\t\t<\/div>\n\t\t\t\t\t\t\t<div class=\"elementor-accordion-item\">\n\t\t\t\t\t<div id=\"elementor-tab-title-1212\" class=\"elementor-tab-title\" data-tab=\"2\" role=\"button\" aria-controls=\"elementor-tab-content-1212\" aria-expanded=\"false\">\n\t\t\t\t\t\t\t\t\t\t\t\t\t<span class=\"elementor-accordion-icon elementor-accordion-icon-right\" aria-hidden=\"true\">\n\t\t\t\t\t\t\t\t\t\t\t\t\t\t\t<span class=\"elementor-accordion-icon-closed\"><i class=\"fas fa-chevron-down\"><\/i><\/span>\n\t\t\t\t\t\t\t\t<span class=\"elementor-accordion-icon-opened\"><i class=\"fas fa-chevron-up\"><\/i><\/span>\n\t\t\t\t\t\t\t\t\t\t\t\t\t\t<\/span>\n\t\t\t\t\t\t\t\t\t\t\t\t<a class=\"elementor-accordion-title\" tabindex=\"0\">\u00bfLos Ajustes Quiropr\u00e1cticos infantiles son diferentes \/ especiales?<\/a>\n\t\t\t\t\t<\/div>\n\t\t\t\t\t<div id=\"elementor-tab-content-1212\" class=\"elementor-tab-content elementor-clearfix\" data-tab=\"2\" role=\"region\" aria-labelledby=\"elementor-tab-title-1212\"><ul><li style=\"font-weight: 400;\" aria-level=\"2\"><span style=\"font-weight: 400;\">S\u00ed, por supuesto adaptamos el tipo de Ajuste y la frecuencia de visitas al caso concreto, y siempre realizamos t\u00e9cnicas quiropr\u00e1cticas suaves que nos permiten Ajustar efectivamente los peque\u00f1os de la casa desde que son beb\u00e9s.<\/span><\/li><li style=\"font-weight: 400;\" aria-level=\"2\"><span style=\"font-weight: 400;\">Asimismo, para fomentar que los ni\u00f1os puedan crecer al m\u00e1ximo potencial desde peque\u00f1os, \u00a1contamos con iniciativas econ\u00f3micas para familias que quieren cuidarse y vivir al 100%!<\/span><\/li><\/ul><\/div>\n\t\t\t\t<\/div>\n\t\t\t\t\t\t\t<div class=\"elementor-accordion-item\">\n\t\t\t\t\t<div id=\"elementor-tab-title-1213\" class=\"elementor-tab-title\" data-tab=\"3\" role=\"button\" aria-controls=\"elementor-tab-content-1213\" aria-expanded=\"false\">\n\t\t\t\t\t\t\t\t\t\t\t\t\t<span class=\"elementor-accordion-icon elementor-accordion-icon-right\" aria-hidden=\"true\">\n\t\t\t\t\t\t\t\t\t\t\t\t\t\t\t<span class=\"elementor-accordion-icon-closed\"><i class=\"fas fa-chevron-down\"><\/i><\/span>\n\t\t\t\t\t\t\t\t<span class=\"elementor-accordion-icon-opened\"><i class=\"fas fa-chevron-up\"><\/i><\/span>\n\t\t\t\t\t\t\t\t\t\t\t\t\t\t<\/span>\n\t\t\t\t\t\t\t\t\t\t\t\t<a class=\"elementor-accordion-title\" tabindex=\"0\">\u00bfLa Quiropr\u00e1ctica me puede ayudar a descansar mejor?<\/a>\n\t\t\t\t\t<\/div>\n\t\t\t\t\t<div id=\"elementor-tab-content-1213\" class=\"elementor-tab-content elementor-clearfix\" data-tab=\"3\" role=\"region\" aria-labelledby=\"elementor-tab-title-1213\"><ul><li style=\"font-weight: 400;\" aria-level=\"2\"><span style=\"font-weight: 400;\">Descansar mejor y relajarse m\u00e1s f\u00e1cilmente es uno de los cambios m\u00e1s habituales despu\u00e9s de los Ajustes Quiropr\u00e1cticos. Porque gracias a los Ajustes el cuerpo puede identificar m\u00e1s f\u00e1cilmente en qu\u00e9 situaciones debe activar el Sistema Nervioso Parasimp\u00e1tico -el freno del cuerpo- y encargarse as\u00ed del descanso, la reparaci\u00f3n de tejidos, el crecimiento y la digesti\u00f3n, entre otros.<\/span><\/li><li style=\"font-weight: 400;\" aria-level=\"2\"><span style=\"font-weight: 400;\">Tan importante es que detecte en qu\u00e9 momento puede (y deber\u00eda) relajarse, como detectar en qu\u00e9 momento debe responder frente a un estr\u00e9s puntual, es decir la activaci\u00f3n del Sistema Nervioso Simp\u00e1tico -el acelerador del cuerpo. Con los Ajustes Quiropr\u00e1cticos hemos observado que el control de estos dos sistemas es mucho m\u00e1s eficaz. <\/span><\/li><\/ul><\/div>\n\t\t\t\t<\/div>\n\t\t\t\t\t\t\t<div class=\"elementor-accordion-item\">\n\t\t\t\t\t<div id=\"elementor-tab-title-1214\" class=\"elementor-tab-title\" data-tab=\"4\" role=\"button\" aria-controls=\"elementor-tab-content-1214\" aria-expanded=\"false\">\n\t\t\t\t\t\t\t\t\t\t\t\t\t<span class=\"elementor-accordion-icon elementor-accordion-icon-right\" aria-hidden=\"true\">\n\t\t\t\t\t\t\t\t\t\t\t\t\t\t\t<span class=\"elementor-accordion-icon-closed\"><i class=\"fas fa-chevron-down\"><\/i><\/span>\n\t\t\t\t\t\t\t\t<span class=\"elementor-accordion-icon-opened\"><i class=\"fas fa-chevron-up\"><\/i><\/span>\n\t\t\t\t\t\t\t\t\t\t\t\t\t\t<\/span>\n\t\t\t\t\t\t\t\t\t\t\t\t<a class=\"elementor-accordion-title\" tabindex=\"0\">\u00bfPuede ser que desde que acudo al Centro Quiropr\u00e1ctico noto m\u00e1s rango de movimiento?<\/a>\n\t\t\t\t\t<\/div>\n\t\t\t\t\t<div id=\"elementor-tab-content-1214\" class=\"elementor-tab-content elementor-clearfix\" data-tab=\"4\" role=\"region\" aria-labelledby=\"elementor-tab-title-1214\"><ul><li style=\"font-weight: 400;\" aria-level=\"2\"><span style=\"font-weight: 400;\">S\u00ed, este es uno de los primeros cambios que notan las personas que acuden a nuestro Centro. Aunque antes no notaras la falta de movimiento, ahora que con los Ajustes Quiropr\u00e1cticos estamos eliminando las Subluxaciones Vertebrales -los bloqueos- tu Columna tiene m\u00e1s movilidad y por tanto puedes notar m\u00e1s amplitud en los movimientos.\u00a0<\/span><\/li><li style=\"font-weight: 400;\" aria-level=\"2\"><span style=\"font-weight: 400;\">Adem\u00e1s, este cambio es muy positivo, ya que el movimiento es un gran est\u00edmulo para el cerebro. \u00a1Seguimos mejorando!<\/span><\/li><\/ul><\/div>\n\t\t\t\t<\/div>\n\t\t\t\t\t\t\t<div class=\"elementor-accordion-item\">\n\t\t\t\t\t<div id=\"elementor-tab-title-1215\" class=\"elementor-tab-title\" data-tab=\"5\" role=\"button\" aria-controls=\"elementor-tab-content-1215\" aria-expanded=\"false\">\n\t\t\t\t\t\t\t\t\t\t\t\t\t<span class=\"elementor-accordion-icon elementor-accordion-icon-right\" aria-hidden=\"true\">\n\t\t\t\t\t\t\t\t\t\t\t\t\t\t\t<span class=\"elementor-accordion-icon-closed\"><i class=\"fas fa-chevron-down\"><\/i><\/span>\n\t\t\t\t\t\t\t\t<span class=\"elementor-accordion-icon-opened\"><i class=\"fas fa-chevron-up\"><\/i><\/span>\n\t\t\t\t\t\t\t\t\t\t\t\t\t\t<\/span>\n\t\t\t\t\t\t\t\t\t\t\t\t<a class=\"elementor-accordion-title\" tabindex=\"0\">\u00bfCu\u00e1ndo me sentir\u00e9 mejor?<\/a>\n\t\t\t\t\t<\/div>\n\t\t\t\t\t<div id=\"elementor-tab-content-1215\" class=\"elementor-tab-content elementor-clearfix\" data-tab=\"5\" role=\"region\" aria-labelledby=\"elementor-tab-title-1215\"><ul><li style=\"font-weight: 400;\" aria-level=\"2\"><span style=\"font-weight: 400;\">Esta es la pregunta que m\u00e1s nos hacen. \u00a1Tiene todo el sentido del mundo! Y la respuesta es bien sencilla: desde el primer Ajuste tu cuerpo empieza a funcionar mejor porque hay m\u00e1s comunicaci\u00f3n entre el cerebro y el resto del cuerpo. Por tanto, puede que notes cambios desde el primer momento.\u00a0<\/span><\/li><li style=\"font-weight: 400;\" aria-level=\"2\"><span style=\"font-weight: 400;\">Ahora bien, \"sentirnos mejor\" es diferente de \"funcionar mejor\". Normalmente estos dos conceptos van relacionados, pero a veces la sensaci\u00f3n tarda un poco m\u00e1s que la funci\u00f3n. Puede que una persona m\u00e1s activa responda m\u00e1s deprisa que una sedentaria, por ejemplo. Lo que s\u00ed est\u00e1 claro es que si el cuerpo funciona mejor, seguramente dejar\u00e1 de enviar las se\u00f1ales de cuando no funcionaba bien y pronto empezaremos a sentirnos mejor tambi\u00e9n.<\/span><\/li><\/ul><\/div>\n\t\t\t\t<\/div>\n\t\t\t\t\t\t\t\t\t\t<script type=\"application\/ld+json\">{\"@context\":\"https:\\\/\\\/schema.org\",\"@type\":\"FAQPage\",\"mainEntity\":[{\"@type\":\"Question\",\"name\":\"Com puc saber si he de revisar el meu Sistema Nervi\\u00f3s?\",\"acceptedAnswer\":{\"@type\":\"Answer\",\"text\":\"<ul><li style=\\\"font-weight: 400;\\\" aria-level=\\\"2\\\"><span style=\\\"font-weight: 400;\\\">Com a Quiropr\\u00e0ctics entenem la Salut com un estat de complet benestar i no nom\\u00e9s l\\u2019abs\\u00e8ncia de s\\u00edmptomes. Si tens una Columna Vertebral sempre \\u00e9s una bona idea revisar el Sistema Nervi\\u00f3s tot i no tenir s\\u00edmptomes o mol\\u00e8sties a la Columna.\\u00a0<\\\/span><\\\/li><li style=\\\"font-weight: 400;\\\" aria-level=\\\"2\\\"><span style=\\\"font-weight: 400;\\\">Tenint en compte que moltes vegades les Subluxacions Vertebrals s\\u00f3n silencioses i poden no generar mol\\u00e8sties al lloc on s\\u00f3n, aquestes poden passar desapercebudes i afectar de mica en mica a la comunicaci\\u00f3 del cervell amb la zona amb la qual estiguin connectades: extremitats, Columna, \\u00f2rgans, m\\u00fasculs, articulacions, entre d\\u2019altres. Amb aquest objectiu, apostem per la prevenci\\u00f3 i pel manteniment del cos al m\\u00e0xim potencial gr\\u00e0cies a h\\u00e0bits de vida saludables i als Ajustos Quiropr\\u00e0ctics.<\\\/span><\\\/li><\\\/ul>\"}},{\"@type\":\"Question\",\"name\":\"Els Ajustos Quiropr\\u00e0ctics infantils s\\u00f3n diferents \\\/ especials?\",\"acceptedAnswer\":{\"@type\":\"Answer\",\"text\":\"<ul><li style=\\\"font-weight: 400;\\\" aria-level=\\\"2\\\"><span style=\\\"font-weight: 400;\\\">S\\u00ed, per descomptat adaptem el tipus d\\u2019Ajust i la freq\\u00fc\\u00e8ncia de visites al cas concret, i sempre realitzem T\\u00e8cniques Quiropr\\u00e0ctiques suaus que ens permeten Ajustar efectivament els petits de la casa des que s\\u00f3n nadons.<\\\/span><\\\/li><li style=\\\"font-weight: 400;\\\" aria-level=\\\"2\\\"><span style=\\\"font-weight: 400;\\\">Aix\\u00ed mateix, per tal de fomentar que els infants puguin cr\\u00e9ixer al m\\u00e0xim potencial des de petits, comptem amb iniciatives econ\\u00f2miques per a fam\\u00edlies que volen cuidar-se i viure al 100%!<\\\/span><\\\/li><\\\/ul>\"}},{\"@type\":\"Question\",\"name\":\"La Quiropr\\u00e0ctica em pot ajudar a descansar millor?\",\"acceptedAnswer\":{\"@type\":\"Answer\",\"text\":\"<ul><li style=\\\"font-weight: 400;\\\" aria-level=\\\"2\\\"><span style=\\\"font-weight: 400;\\\">Descansar millor i relaxar-se m\\u00e9s f\\u00e0cilment \\u00e9s un dels canvis m\\u00e9s habituals despr\\u00e9s dels Ajustos Quiropr\\u00e0ctics. Perqu\\u00e8 gr\\u00e0cies als Ajustos el cos pot identificar m\\u00e9s f\\u00e0cilment en quines situacions ha d\\u2019activar el Sistema Nerv\\u00f3s Parasimp\\u00e0tic -el fre del cos- i encarregar-se aix\\u00ed del descans, la reparaci\\u00f3 de teixits, el creixement i la digesti\\u00f3, entre d\\u2019altres.<\\\/span><\\\/li><li style=\\\"font-weight: 400;\\\" aria-level=\\\"2\\\"><span style=\\\"font-weight: 400;\\\">Tan important \\u00e9s que detecti en quin moment pot (i hauria de) relaxar-se, com detectar en quin moment ha de respondre enfront d\\u2019un estr\\u00e8s puntual, \\u00e9s a dir l\\u2019activaci\\u00f3 del Sistema Nervi\\u00f3s Simp\\u00e0tic -l\\u2019accelerador del cos. Amb els Ajustos Quiropr\\u00e0ctics hem observat que el control d\\u2019aquests dos sistemes \\u00e9s molt m\\u00e9s efica\\u00e7. <\\\/span><\\\/li><\\\/ul>\"}},{\"@type\":\"Question\",\"name\":\"Pot ser que des que acudo al Centre Quiropr\\u00e0ctic noto m\\u00e9s rang de moviment?\",\"acceptedAnswer\":{\"@type\":\"Answer\",\"text\":\"<ul><li style=\\\"font-weight: 400;\\\" aria-level=\\\"2\\\"><span style=\\\"font-weight: 400;\\\">S\\u00ed, aquest \\u00e9s un dels primers canvis que noten les persones que acuden al nostre Centre. Tot i que abans no notessis la falta de moviment, ara que amb els Ajustos Quiropr\\u00e0ctics estem eliminant les Subluxacions Vertebrals -els bloquejos- la teva Columna t\\u00e9 m\\u00e9s mobilitat i per tant pots notar m\\u00e9s amplitud en els moviments.\\u00a0<\\\/span><\\\/li><li style=\\\"font-weight: 400;\\\" aria-level=\\\"2\\\"><span style=\\\"font-weight: 400;\\\">A m\\u00e9s a m\\u00e9s, aquest canvi \\u00e9s molt positiu, ja que el moviment \\u00e9s un gran est\\u00edmul pel cervell. Seguim millorant!<\\\/span><\\\/li><\\\/ul>\"}},{\"@type\":\"Question\",\"name\":\"Quan em sentir\\u00e9 millor?\",\"acceptedAnswer\":{\"@type\":\"Answer\",\"text\":\"<ul><li style=\\\"font-weight: 400;\\\" aria-level=\\\"2\\\"><span style=\\\"font-weight: 400;\\\">Aquesta \\u00e9s la pregunta que m\\u00e9s ens feu. T\\u00e9 tot el sentit del m\\u00f3n! I la resposta \\u00e9s ben senzilla: des del primer Ajust el teu cos comen\\u00e7a a funcionar millor perqu\\u00e8 hi ha m\\u00e9s comunicaci\\u00f3 entre el cervell i la resta del cos. Per tant, pot ser que notis canvis des del primer moment.\\u00a0<\\\/span><\\\/li><li style=\\\"font-weight: 400;\\\" aria-level=\\\"2\\\"><span style=\\\"font-weight: 400;\\\">Ara b\\u00e9, \\u201csentir-nos millor\\u201d \\u00e9s diferent de \\u201cfuncionar millor\\u201d. Normalment aquests dos conceptes van relacionats, per\\u00f2 de vegades la sensaci\\u00f3 triga una mica m\\u00e9s que la funci\\u00f3. Pot ser que una persona m\\u00e9s activa respongui m\\u00e9s de pressa que una sedent\\u00e0ria, per exemple. El que s\\u00ed que \\u00e9s clar \\u00e9s que si el cos funciona millor, segurament deixar\\u00e0 d\\u2019enviar els senyals de quan no funcionava b\\u00e9 i aviat comen\\u00e7arem a sentir-nos millor tamb\\u00e9.<\\\/span><\\\/li><\\\/ul>\"}}]}<\/script>\n\t\t\t\t\t<\/div>\n\t\t\t\t<\/div>\n\t\t\t\t<\/div>\n\t\t\t\t\t<\/div>\n\t\t<\/div>\n\t\t\t\t\t<\/div>\n\t\t<\/section>\n\t\t\t\t<\/div>\n\t\t<\/p><\/div>\n\t\t\t\t\t\t\t<\/div>\n\t\t<\/div>\n\t\t\t\t<\/div>\n\t\t\t\t<\/div>\n\t\t\t\t\t<\/div>\n\t\t<\/div>\n\t\t\t\t\t<\/div>\n\t\t<\/section>\n\t\t\t\t<section class=\"elementor-section elementor-top-section elementor-element elementor-element-adb7454 elementor-section-boxed elementor-section-height-default elementor-section-height-default\" data-id=\"adb7454\" data-element_type=\"section\">\n\t\t\t\t\t\t<div class=\"elementor-container elementor-column-gap-default\">\n\t\t\t\t\t<div class=\"elementor-column elementor-col-100 elementor-top-column elementor-element elementor-element-d294f6d\" data-id=\"d294f6d\" data-element_type=\"column\">\n\t\t\t<div class=\"elementor-widget-wrap elementor-element-populated\">\n\t\t\t\t\t\t<div class=\"elementor-element elementor-element-ddc65f4 elementor-widget elementor-widget-heading\" data-id=\"ddc65f4\" data-element_type=\"widget\" data-widget_type=\"heading.default\">\n\t\t\t\t<div class=\"elementor-widget-container\">\n\t\t\t<h1 class=\"elementor-heading-title elementor-size-default\">Contacta con nosotros<\/h1>\t\t<\/div>\n\t\t\t\t<\/div>\n\t\t\t\t<div class=\"elementor-element elementor-element-ac3f7b3 elementor-widget-divider--view-line elementor-widget elementor-widget-divider\" data-id=\"ac3f7b3\" data-element_type=\"widget\" data-widget_type=\"divider.default\">\n\t\t\t\t<div class=\"elementor-widget-container\">\n\t\t\t\t\t<div class=\"elementor-divider\">\n\t\t\t<span class=\"elementor-divider-separator\">\n\t\t\t\t\t\t<\/span>\n\t\t<\/div>\n\t\t\t\t<\/div>\n\t\t\t\t<\/div>\n\t\t\t\t\t<\/div>\n\t\t<\/div>\n\t\t\t\t\t<\/div>\n\t\t<\/section>\n\t\t\t\t<section class=\"elementor-section elementor-top-section elementor-element elementor-element-d8721fa elementor-section-boxed elementor-section-height-default elementor-section-height-default\" data-id=\"d8721fa\" data-element_type=\"section\" data-settings=\"{&quot;background_background&quot;:&quot;classic&quot;}\">\n\t\t\t\t\t\t<div class=\"elementor-container elementor-column-gap-default\">\n\t\t\t\t\t<div class=\"elementor-column elementor-col-50 elementor-top-column elementor-element elementor-element-9d2d94b elementor-invisible\" data-id=\"9d2d94b\" data-element_type=\"column\" data-settings=\"{&quot;animation&quot;:&quot;slideInUp&quot;}\">\n\t\t\t<div class=\"elementor-widget-wrap elementor-element-populated\">\n\t\t\t\t\t\t<div class=\"elementor-element elementor-element-fe28fd6 elementor-align-left elementor-icon-list--layout-traditional elementor-list-item-link-full_width elementor-widget elementor-widget-icon-list\" data-id=\"fe28fd6\" data-element_type=\"widget\" data-settings=\"{&quot;_animation&quot;:&quot;none&quot;}\" data-widget_type=\"icon-list.default\">\n\t\t\t\t<div class=\"elementor-widget-container\">\n\t\t\t\t\t<ul class=\"elementor-icon-list-items\">\n\t\t\t\t\t\t\t<li class=\"elementor-icon-list-item\">\n\t\t\t\t\t\t\t\t\t\t\t<span class=\"elementor-icon-list-icon\">\n\t\t\t\t\t\t\t<i aria-hidden=\"true\" class=\"fas fa-arrow-alt-circle-right\"><\/i>\t\t\t\t\t\t<\/span>\n\t\t\t\t\t\t\t\t\t\t<span class=\"elementor-icon-list-text\"><span style=\"color: rgb(255, 255, 255); font-family: GeosansLight, Montserrat, sans-serif; font-size: 30px;\">\u00bfQuieres conocer los Beneficios de la Quiropr\u00e1ctica para las empresas?<\/span><\/span>\n\t\t\t\t\t\t\t\t\t<\/li>\n\t\t\t\t\t\t<\/ul>\n\t\t\t\t<\/div>\n\t\t\t\t<\/div>\n\t\t\t\t<div class=\"elementor-element elementor-element-aad68d3 elementor-align-left elementor-icon-list--layout-traditional elementor-list-item-link-full_width elementor-widget elementor-widget-icon-list\" data-id=\"aad68d3\" data-element_type=\"widget\" data-settings=\"{&quot;_animation&quot;:&quot;none&quot;}\" data-widget_type=\"icon-list.default\">\n\t\t\t\t<div class=\"elementor-widget-container\">\n\t\t\t\t\t<ul class=\"elementor-icon-list-items\">\n\t\t\t\t\t\t\t<li class=\"elementor-icon-list-item\">\n\t\t\t\t\t\t\t\t\t\t\t<span class=\"elementor-icon-list-icon\">\n\t\t\t\t\t\t\t<i aria-hidden=\"true\" class=\"fas fa-arrow-alt-circle-right\"><\/i>\t\t\t\t\t\t<\/span>\n\t\t\t\t\t\t\t\t\t\t<span class=\"elementor-icon-list-text\"><span style=\"color: rgb(255, 255, 255); font-family: GeosansLight, Montserrat, sans-serif; font-size: 30px;\">\u00bfQuiere<\/span><span style=\"color: rgb(255, 255, 255); font-family: GeosansLight, Montserrat, sans-serif; font-size: 30px;\">s que realicemos un Taller de Salud en tu lugar de trabajo?<\/span><\/span>\n\t\t\t\t\t\t\t\t\t<\/li>\n\t\t\t\t\t\t<\/ul>\n\t\t\t\t<\/div>\n\t\t\t\t<\/div>\n\t\t\t\t\t<\/div>\n\t\t<\/div>\n\t\t\t\t<div class=\"elementor-column elementor-col-50 elementor-top-column elementor-element elementor-element-0618b1a elementor-invisible\" data-id=\"0618b1a\" data-element_type=\"column\" data-settings=\"{&quot;animation&quot;:&quot;slideInUp&quot;}\">\n\t\t\t<div class=\"elementor-widget-wrap elementor-element-populated\">\n\t\t\t\t\t\t<div class=\"elementor-element elementor-element-631fa01 elementor-align-center elementor-widget elementor-widget-button\" data-id=\"631fa01\" data-element_type=\"widget\" data-widget_type=\"button.default\">\n\t\t\t\t<div class=\"elementor-widget-container\">\n\t\t\t\t\t<div class=\"elementor-button-wrapper\">\n\t\t\t<a class=\"elementor-button elementor-button-link elementor-size-lg\" href=\"https:\/\/www.quiropracticalivingroom.com\/esp\/per-empreses\/\">\n\t\t\t\t\t\t<span class=\"elementor-button-content-wrapper\">\n\t\t\t\t\t\t\t\t\t<span class=\"elementor-button-text\">M\u00e1s informaci\u00f3n para empresas aqu\u00ed<\/span>\n\t\t\t\t\t<\/span>\n\t\t\t\t\t<\/a>\n\t\t<\/div>\n\t\t\t\t<\/div>\n\t\t\t\t<\/div>\n\t\t\t\t\t<\/div>\n\t\t<\/div>\n\t\t\t\t\t<\/div>\n\t\t<\/section>\n\t\t\t\t<\/div>","protected":false},"excerpt":{"rendered":"<p>Centre Quiropr\u00e0ctica Living Room SABADELL Envia\u2019ns un WhatsApp Reserva la teva cita Preguntes freq\u00fcents La Quiropr\u00e0ctica Els Ajustos Els Casos Els Beneficis La Quiropr\u00e0ctica Els Ajustos Els Casos Els Beneficis Contacta amb nosaltres Vols con\u00e8ixer els Beneficis de la Quiropr\u00e0ctica per a les empreses? Vols que realitzem un Taller de Salut al teu lloc de [&hellip;]<\/p>","protected":false},"author":1,"featured_media":0,"parent":0,"menu_order":0,"comment_status":"closed","ping_status":"closed","template":"","meta":{"inline_featured_image":false,"footnotes":""},"class_list":["post-34","page","type-page","status-publish","hentry"],"yoast_head":"<!-- This site is optimized with the Yoast SEO plugin v21.2 - https:\/\/yoast.com\/wordpress\/plugins\/seo\/ -->\n<title>Contacte | Quiropractica Living Room - Sabadell Contacte<\/title>\n<meta name=\"description\" content=\"Tel\u00e9fono y whatsapp 635 101 625 - Av. Onze de Setembre, 157, 08208 Sabadell, Barcelona - hola@quiropracticalivingroom.com\" \/>\n<meta name=\"robots\" content=\"index, follow, max-snippet:-1, max-image-preview:large, max-video-preview:-1\" \/>\n<link rel=\"canonical\" href=\"https:\/\/www.quiropracticalivingroom.com\/esp\/contacte\/\" \/>\n<meta property=\"og:locale\" content=\"es_ES\" \/>\n<meta property=\"og:type\" content=\"article\" \/>\n<meta property=\"og:title\" content=\"Contacte | Quiropractica Living Room - Sabadell Contacte\" \/>\n<meta property=\"og:description\" content=\"Tel\u00e9fono y whatsapp 635 101 625 - Av. Onze de Setembre, 157, 08208 Sabadell, Barcelona - hola@quiropracticalivingroom.com\" \/>\n<meta property=\"og:url\" content=\"https:\/\/www.quiropracticalivingroom.com\/esp\/contacte\/\" \/>\n<meta property=\"og:site_name\" content=\"Quiropractica Living Room - Sabadell\" \/>\n<meta property=\"article:modified_time\" content=\"2024-10-21T09:41:00+00:00\" \/>\n<meta name=\"twitter:card\" content=\"summary_large_image\" \/>\n<meta name=\"twitter:label1\" content=\"Tiempo de lectura\" \/>\n\t<meta name=\"twitter:data1\" content=\"1 minuto\" \/>\n<script type=\"application\/ld+json\" class=\"yoast-schema-graph\">{\"@context\":\"https:\/\/schema.org\",\"@graph\":[{\"@type\":\"WebPage\",\"@id\":\"https:\/\/www.quiropracticalivingroom.com\/contacte\/\",\"url\":\"https:\/\/www.quiropracticalivingroom.com\/contacte\/\",\"name\":\"Contacte | Quiropractica Living Room - Sabadell Contacte\",\"isPartOf\":{\"@id\":\"https:\/\/www.quiropracticalivingroom.com\/#website\"},\"datePublished\":\"2021-03-29T11:09:19+00:00\",\"dateModified\":\"2024-10-21T09:41:00+00:00\",\"description\":\"Tel\u00e9fono y whatsapp 635 101 625 - Av. Onze de Setembre, 157, 08208 Sabadell, Barcelona - hola@quiropracticalivingroom.com\",\"breadcrumb\":{\"@id\":\"https:\/\/www.quiropracticalivingroom.com\/contacte\/#breadcrumb\"},\"inLanguage\":\"es\",\"potentialAction\":[{\"@type\":\"ReadAction\",\"target\":[\"https:\/\/www.quiropracticalivingroom.com\/contacte\/\"]}]},{\"@type\":\"BreadcrumbList\",\"@id\":\"https:\/\/www.quiropracticalivingroom.com\/contacte\/#breadcrumb\",\"itemListElement\":[{\"@type\":\"ListItem\",\"position\":1,\"name\":\"Portada\",\"item\":\"https:\/\/www.quiropracticalivingroom.com\/\"},{\"@type\":\"ListItem\",\"position\":2,\"name\":\"Contacte\"}]},{\"@type\":\"WebSite\",\"@id\":\"https:\/\/www.quiropracticalivingroom.com\/#website\",\"url\":\"https:\/\/www.quiropracticalivingroom.com\/\",\"name\":\"Quiropractica Living Room - Sabadell\",\"description\":\"Sitio web de Quiropractica Living Room\",\"publisher\":{\"@id\":\"https:\/\/www.quiropracticalivingroom.com\/#organization\"},\"potentialAction\":[{\"@type\":\"SearchAction\",\"target\":{\"@type\":\"EntryPoint\",\"urlTemplate\":\"https:\/\/www.quiropracticalivingroom.com\/?s={search_term_string}\"},\"query-input\":\"required name=search_term_string\"}],\"inLanguage\":\"es\"},{\"@type\":\"Organization\",\"@id\":\"https:\/\/www.quiropracticalivingroom.com\/#organization\",\"name\":\"Quiropractica Living Room\",\"url\":\"https:\/\/www.quiropracticalivingroom.com\/\",\"logo\":{\"@type\":\"ImageObject\",\"inLanguage\":\"es\",\"@id\":\"https:\/\/www.quiropracticalivingroom.com\/#\/schema\/logo\/image\/\",\"url\":\"https:\/\/www.quiropracticalivingroom.com\/wp-content\/uploads\/logo.png\",\"contentUrl\":\"https:\/\/www.quiropracticalivingroom.com\/wp-content\/uploads\/logo.png\",\"width\":1000,\"height\":400,\"caption\":\"Quiropractica Living Room\"},\"image\":{\"@id\":\"https:\/\/www.quiropracticalivingroom.com\/#\/schema\/logo\/image\/\"}}]}<\/script>\n<!-- \/ Yoast SEO plugin. -->","yoast_head_json":{"title":"Contacte | Quiropractica Living Room - Sabadell Contacte","description":"Tel\u00e9fono y whatsapp 635 101 625 - Av. Onze de Setembre, 157, 08208 Sabadell, Barcelona - hola@quiropracticalivingroom.com","robots":{"index":"index","follow":"follow","max-snippet":"max-snippet:-1","max-image-preview":"max-image-preview:large","max-video-preview":"max-video-preview:-1"},"canonical":"https:\/\/www.quiropracticalivingroom.com\/esp\/contacte\/","og_locale":"es_ES","og_type":"article","og_title":"Contacte | Quiropractica Living Room - Sabadell Contacte","og_description":"Tel\u00e9fono y whatsapp 635 101 625 - Av. Onze de Setembre, 157, 08208 Sabadell, Barcelona - hola@quiropracticalivingroom.com","og_url":"https:\/\/www.quiropracticalivingroom.com\/esp\/contacte\/","og_site_name":"Quiropractica Living Room - Sabadell","article_modified_time":"2024-10-21T09:41:00+00:00","twitter_card":"summary_large_image","twitter_misc":{"Tiempo de lectura":"1 minuto"},"schema":{"@context":"https:\/\/schema.org","@graph":[{"@type":"WebPage","@id":"https:\/\/www.quiropracticalivingroom.com\/contacte\/","url":"https:\/\/www.quiropracticalivingroom.com\/contacte\/","name":"Contacte | Quiropractica Living Room - Sabadell Contacte","isPartOf":{"@id":"https:\/\/www.quiropracticalivingroom.com\/#website"},"datePublished":"2021-03-29T11:09:19+00:00","dateModified":"2024-10-21T09:41:00+00:00","description":"Tel\u00e9fono y whatsapp 635 101 625 - Av. Onze de Setembre, 157, 08208 Sabadell, Barcelona - hola@quiropracticalivingroom.com","breadcrumb":{"@id":"https:\/\/www.quiropracticalivingroom.com\/contacte\/#breadcrumb"},"inLanguage":"es","potentialAction":[{"@type":"ReadAction","target":["https:\/\/www.quiropracticalivingroom.com\/contacte\/"]}]},{"@type":"BreadcrumbList","@id":"https:\/\/www.quiropracticalivingroom.com\/contacte\/#breadcrumb","itemListElement":[{"@type":"ListItem","position":1,"name":"Portada","item":"https:\/\/www.quiropracticalivingroom.com\/"},{"@type":"ListItem","position":2,"name":"Contacte"}]},{"@type":"WebSite","@id":"https:\/\/www.quiropracticalivingroom.com\/#website","url":"https:\/\/www.quiropracticalivingroom.com\/","name":"Quiropractica Living Room - Sabadell","description":"Sitio web de Quiropractica Living Room","publisher":{"@id":"https:\/\/www.quiropracticalivingroom.com\/#organization"},"potentialAction":[{"@type":"SearchAction","target":{"@type":"EntryPoint","urlTemplate":"https:\/\/www.quiropracticalivingroom.com\/?s={search_term_string}"},"query-input":"required name=search_term_string"}],"inLanguage":"es"},{"@type":"Organization","@id":"https:\/\/www.quiropracticalivingroom.com\/#organization","name":"Quiropractica Living Room","url":"https:\/\/www.quiropracticalivingroom.com\/","logo":{"@type":"ImageObject","inLanguage":"es","@id":"https:\/\/www.quiropracticalivingroom.com\/#\/schema\/logo\/image\/","url":"https:\/\/www.quiropracticalivingroom.com\/wp-content\/uploads\/logo.png","contentUrl":"https:\/\/www.quiropracticalivingroom.com\/wp-content\/uploads\/logo.png","width":1000,"height":400,"caption":"Quiropractica Living Room"},"image":{"@id":"https:\/\/www.quiropracticalivingroom.com\/#\/schema\/logo\/image\/"}}]}},"_links":{"self":[{"href":"https:\/\/www.quiropracticalivingroom.com\/esp\/wp-json\/wp\/v2\/pages\/34","targetHints":{"allow":["GET"]}}],"collection":[{"href":"https:\/\/www.quiropracticalivingroom.com\/esp\/wp-json\/wp\/v2\/pages"}],"about":[{"href":"https:\/\/www.quiropracticalivingroom.com\/esp\/wp-json\/wp\/v2\/types\/page"}],"author":[{"embeddable":true,"href":"https:\/\/www.quiropracticalivingroom.com\/esp\/wp-json\/wp\/v2\/users\/1"}],"replies":[{"embeddable":true,"href":"https:\/\/www.quiropracticalivingroom.com\/esp\/wp-json\/wp\/v2\/comments?post=34"}],"version-history":[{"count":200,"href":"https:\/\/www.quiropracticalivingroom.com\/esp\/wp-json\/wp\/v2\/pages\/34\/revisions"}],"predecessor-version":[{"id":1698,"href":"https:\/\/www.quiropracticalivingroom.com\/esp\/wp-json\/wp\/v2\/pages\/34\/revisions\/1698"}],"wp:attachment":[{"href":"https:\/\/www.quiropracticalivingroom.com\/esp\/wp-json\/wp\/v2\/media?parent=34"}],"curies":[{"name":"wp","href":"https:\/\/api.w.org\/{rel}","templated":true}]}}